{"id":229,"date":"2019-04-15T20:38:50","date_gmt":"2019-04-15T18:38:50","guid":{"rendered":"http:\/\/www.feuerwehr-spelle.de\/cms\/?page_id=229"},"modified":"2019-04-18T09:49:14","modified_gmt":"2019-04-18T07:49:14","slug":"alters-und-ehrenabteilung","status":"publish","type":"page","link":"https:\/\/www.feuerwehr-spelle.de\/cms\/abteilungen\/alters-und-ehrenabteilung\/","title":{"rendered":"Alters- und Ehrenabteilung"},"content":{"rendered":"<p>Mit 63 Jahren wird offziell der aktive Dienst in der Einsatzabteilung beendet. Ab dann erfolgt die \u00dcbernahme in die Alters- und Ehrenabteilung. Zurzeit besteht die Abteilung aus 23 Kameraden, die jahrzehntelang aktiven Dienst in der Einsatzabteilung geleistet haben.<\/p>\n<p>In der Alters- und Ehrenabteilung r\u00fcckt die Pflege der Kameradschaft in den Vordergrund. Diese funktioniert am besten durch gemeinsame Aktivit\u00e4ten, wie Geburtstagsbesuche, Radtouren, Besprechungsabende, Ehrungen, der j\u00e4hrliche Ausflug und nat\u00fcrlich durch die Unterst\u00fctzung der Einsatzabteilung, wenn erforderlich. Die Aktivit\u00e4ten werden teilweise mit den Ehefrauen\/Partnern und auch mit den Witwen der verstorbenen Kameraden durchgef\u00fchrt.<\/p>\n<p><img loading=\"lazy\" decoding=\"async\" class=\" wp-image-276 aligncenter\" src=\"http:\/\/www.feuerwehr-spelle.de\/cms\/wp-content\/uploads\/2019\/04\/Alters-und-Ehrenabteilung-300x200.jpg\" alt=\"\" width=\"877\" height=\"585\" srcset=\"https:\/\/www.feuerwehr-spelle.de\/cms\/wp-content\/uploads\/2019\/04\/Alters-und-Ehrenabteilung-300x200.jpg 300w, https:\/\/www.feuerwehr-spelle.de\/cms\/wp-content\/uploads\/2019\/04\/Alters-und-Ehrenabteilung-768x512.jpg 768w, https:\/\/www.feuerwehr-spelle.de\/cms\/wp-content\/uploads\/2019\/04\/Alters-und-Ehrenabteilung-1024x683.jpg 1024w\" sizes=\"auto, (max-width: 877px) 100vw, 877px\" \/>1. Reihe v.l.n.r: Karl M\u00fcer, Paul Wilmes, Alfred K\u00fcck, Karl S\u00e4ndker, Wilhelm B\u00fcers, Karl-Heinz B\u00fcssemaker, Bernhard Diekm\u00e4nnken<\/p>\n<p>2. Reihe v.l.n.r: Bernhard Schwis, Heribert Segers, Josef Meyer, August Heeke, Heinrich Geiger, Manfed Heeke, Hermann Brinker<\/p>\n<p>3. Reihe v.l.n.r: Hubert Giese, Alfons Roling, Peter Kr\u00fckkert, Dietmar Me\u00df, Johannes Sch\u00fctte, Leo L\u00fcgermann<\/p>\n<p>Es fehlen: Fritz Hoffrogge, Dr. Bernard Krone und Paul Teders<\/p>\n","protected":false},"excerpt":{"rendered":"<p>Mit 63 Jahren wird offziell der aktive Dienst in der Einsatzabteilung beendet. Ab dann erfolgt die \u00dcbernahme in die Alters- und Ehrenabteilung. Zurzeit besteht<\/p>\n","protected":false},"author":87,"featured_media":115,"parent":224,"menu_order":0,"comment_status":"closed","ping_status":"closed","template":"","meta":{"footnotes":""},"class_list":["post-229","page","type-page","status-publish","has-post-thumbnail","hentry"],"_links":{"self":[{"href":"https:\/\/www.feuerwehr-spelle.de\/cms\/wp-json\/wp\/v2\/pages\/229","targetHints":{"allow":["GET"]}}],"collection":[{"href":"https:\/\/www.feuerwehr-spelle.de\/cms\/wp-json\/wp\/v2\/pages"}],"about":[{"href":"https:\/\/www.feuerwehr-spelle.de\/cms\/wp-json\/wp\/v2\/types\/page"}],"author":[{"embeddable":true,"href":"https:\/\/www.feuerwehr-spelle.de\/cms\/wp-json\/wp\/v2\/users\/87"}],"replies":[{"embeddable":true,"href":"https:\/\/www.feuerwehr-spelle.de\/cms\/wp-json\/wp\/v2\/comments?post=229"}],"version-history":[{"count":6,"href":"https:\/\/www.feuerwehr-spelle.de\/cms\/wp-json\/wp\/v2\/pages\/229\/revisions"}],"predecessor-version":[{"id":280,"href":"https:\/\/www.feuerwehr-spelle.de\/cms\/wp-json\/wp\/v2\/pages\/229\/revisions\/280"}],"up":[{"embeddable":true,"href":"https:\/\/www.feuerwehr-spelle.de\/cms\/wp-json\/wp\/v2\/pages\/224"}],"wp:featuredmedia":[{"embeddable":true,"href":"https:\/\/www.feuerwehr-spelle.de\/cms\/wp-json\/wp\/v2\/media\/115"}],"wp:attachment":[{"href":"https:\/\/www.feuerwehr-spelle.de\/cms\/wp-json\/wp\/v2\/media?parent=229"}],"curies":[{"name":"wp","href":"https:\/\/api.w.org\/{rel}","templated":true}]}}