{"id":172,"date":"2019-04-15T20:18:31","date_gmt":"2019-04-15T18:18:31","guid":{"rendered":"http:\/\/www.feuerwehr-spelle.de\/cms\/?page_id=172"},"modified":"2025-04-03T12:31:43","modified_gmt":"2025-04-03T10:31:43","slug":"die-geschichte-der-feuerwehr","status":"publish","type":"page","link":"https:\/\/www.feuerwehr-spelle.de\/cms\/ueber-uns\/die-geschichte-der-feuerwehr\/","title":{"rendered":"Die Geschichte der Feuerwehr"},"content":{"rendered":"<div class=\"su-spoiler su-spoiler-style-default su-spoiler-icon-plus su-spoiler-closed\" data-scroll-offset=\"0\" data-anchor-in-url=\"no\"><div class=\"su-spoiler-title\" tabindex=\"0\" role=\"button\"><span class=\"su-spoiler-icon\"><\/span>2024<\/div><div class=\"su-spoiler-content su-u-clearfix su-u-trim\">\n<p><a href=\"https:\/\/www.feuerwehr-spelle.de\/cms\/wp-content\/uploads\/2025\/04\/Jahresbericht-2024.pdf\">Jahresbericht 2024<\/a><\/p>\n<\/div><\/div>\n<div class=\"su-spoiler su-spoiler-style-default su-spoiler-icon-plus su-spoiler-closed\" data-scroll-offset=\"0\" data-anchor-in-url=\"no\"><div class=\"su-spoiler-title\" tabindex=\"0\" role=\"button\"><span class=\"su-spoiler-icon\"><\/span>2023<\/div><div class=\"su-spoiler-content su-u-clearfix su-u-trim\">\n<p><a href=\"https:\/\/www.feuerwehr-spelle.de\/cms\/wp-content\/uploads\/2025\/04\/Jahresbericht-2023.pdf\">Jahresbericht 2023<\/a><\/p>\n<\/div><\/div>\n<div class=\"su-spoiler su-spoiler-style-default su-spoiler-icon-plus su-spoiler-closed\" data-scroll-offset=\"0\" data-anchor-in-url=\"no\"><div class=\"su-spoiler-title\" tabindex=\"0\" role=\"button\"><span class=\"su-spoiler-icon\"><\/span>2022<\/div><div class=\"su-spoiler-content su-u-clearfix su-u-trim\">\n<p><a href=\"https:\/\/www.feuerwehr-spelle.de\/cms\/wp-content\/uploads\/2025\/04\/Jahresbericht-2022.pdf\">Jahresbericht 2022<\/a><\/p>\n<\/div><\/div>\n<div class=\"su-spoiler su-spoiler-style-default su-spoiler-icon-plus su-spoiler-closed\" data-scroll-offset=\"0\" data-anchor-in-url=\"no\"><div class=\"su-spoiler-title\" tabindex=\"0\" role=\"button\"><span class=\"su-spoiler-icon\"><\/span>2021<\/div><div class=\"su-spoiler-content su-u-clearfix su-u-trim\">\n<p><a href=\"https:\/\/www.feuerwehr-spelle.de\/cms\/wp-content\/uploads\/2025\/04\/Jahresbericht-2021.pdf\">Jahresbericht 2021<\/a><\/p>\n<\/div><\/div>\n<div class=\"su-spoiler su-spoiler-style-default su-spoiler-icon-plus su-spoiler-closed\" data-scroll-offset=\"0\" data-anchor-in-url=\"no\"><div class=\"su-spoiler-title\" tabindex=\"0\" role=\"button\"><span class=\"su-spoiler-icon\"><\/span>2020<\/div><div class=\"su-spoiler-content su-u-clearfix su-u-trim\">\n<p><a href=\"https:\/\/www.feuerwehr-spelle.de\/cms\/wp-content\/uploads\/2021\/03\/Jahresbericht-2020.pdf\">Jahresbericht 2020<\/a><\/p>\n<\/div><\/div>\n<div class=\"su-spoiler su-spoiler-style-default su-spoiler-icon-plus su-spoiler-closed\" data-scroll-offset=\"0\" data-anchor-in-url=\"no\"><div class=\"su-spoiler-title\" tabindex=\"0\" role=\"button\"><span class=\"su-spoiler-icon\"><\/span>2019<\/div><div class=\"su-spoiler-content su-u-clearfix su-u-trim\">\n<p><a href=\"https:\/\/www.feuerwehr-spelle.de\/cms\/wp-content\/uploads\/2021\/03\/Jahresbericht-2019.pdf\">Jahresbericht 2019<\/a><\/p>\n<\/div><\/div>\n<div class=\"su-spoiler su-spoiler-style-default su-spoiler-icon-plus su-spoiler-closed\" data-scroll-offset=\"0\" data-anchor-in-url=\"no\"><div class=\"su-spoiler-title\" tabindex=\"0\" role=\"button\"><span class=\"su-spoiler-icon\"><\/span>2018<\/div><div class=\"su-spoiler-content su-u-clearfix su-u-trim\">\n<p><a href=\"https:\/\/www.feuerwehr-spelle.de\/cms\/wp-content\/uploads\/2019\/07\/Jahresbericht-2018.pdf\">Jahresbericht 2018<\/a><\/p>\n<\/div><\/div>\n<div class=\"su-spoiler su-spoiler-style-default su-spoiler-icon-plus su-spoiler-closed\" data-scroll-offset=\"0\" data-anchor-in-url=\"no\"><div class=\"su-spoiler-title\" tabindex=\"0\" role=\"button\"><span class=\"su-spoiler-icon\"><\/span>2017<\/div><div class=\"su-spoiler-content su-u-clearfix su-u-trim\">\n<p><a href=\"https:\/\/www.feuerwehr-spelle.de\/cms\/wp-content\/uploads\/2019\/07\/Jahresbericht-2017.pdf\">Jahresbericht 2017<\/a><\/p>\n<\/div><\/div>\n<div class=\"su-spoiler su-spoiler-style-default su-spoiler-icon-plus su-spoiler-closed\" data-scroll-offset=\"0\" data-anchor-in-url=\"no\"><div class=\"su-spoiler-title\" tabindex=\"0\" role=\"button\"><span class=\"su-spoiler-icon\"><\/span>2016<\/div><div class=\"su-spoiler-content su-u-clearfix su-u-trim\">\n<p><a href=\"https:\/\/www.feuerwehr-spelle.de\/cms\/wp-content\/uploads\/2019\/07\/Jahresbericht-2016.pdf\">Jahresbericht 2016<\/a><\/p>\n<p><strong>23.03. \u2013 Verkehrsunfall<\/strong><\/p>\n<p><img loading=\"lazy\" decoding=\"async\" class=\"aligncenter size-full wp-image-464\" src=\"https:\/\/www.feuerwehr-spelle.de\/cms\/wp-content\/uploads\/2019\/08\/2016-03-23.png\" alt=\"\" width=\"965\" height=\"778\" srcset=\"https:\/\/www.feuerwehr-spelle.de\/cms\/wp-content\/uploads\/2019\/08\/2016-03-23.png 965w, https:\/\/www.feuerwehr-spelle.de\/cms\/wp-content\/uploads\/2019\/08\/2016-03-23-300x242.png 300w, https:\/\/www.feuerwehr-spelle.de\/cms\/wp-content\/uploads\/2019\/08\/2016-03-23-768x619.png 768w\" sizes=\"auto, (max-width: 965px) 100vw, 965px\" \/><br \/>\nAuf der B70 im Ortsteil Varenrode kam ein Pkw-Fahrer nach einem \u00dcberholvorgang von der Stra\u00dfe ab und prallte im Seitengraben gegen einen Baum. Der Insasse musste mit schwerem Rettungsger\u00e4t von der Feuerwehr Spelle befreit werden. Der 41-j\u00e4hrige Fahrzeugf\u00fchrer wurde mit dem Rettungshubschrauber in ein Krankenhaus geflogen.<\/p>\n<\/div><\/div>\n<div class=\"su-spoiler su-spoiler-style-default su-spoiler-icon-plus su-spoiler-closed\" data-scroll-offset=\"0\" data-anchor-in-url=\"no\"><div class=\"su-spoiler-title\" tabindex=\"0\" role=\"button\"><span class=\"su-spoiler-icon\"><\/span>2015<\/div><div class=\"su-spoiler-content su-u-clearfix su-u-trim\">\n<p><a href=\"https:\/\/www.feuerwehr-spelle.de\/cms\/wp-content\/uploads\/2019\/07\/Jahresbericht-2015.pdf\">Jahresbericht 2015<\/a><\/p>\n<p><strong>09.04. \u2013 Industrie\u2013 und Gewerbebrand: Erd\u00f6lraffinerie Salzbergen <\/strong><\/p>\n<p><img loading=\"lazy\" decoding=\"async\" class=\"aligncenter size-large wp-image-460\" src=\"https:\/\/www.feuerwehr-spelle.de\/cms\/wp-content\/uploads\/2019\/08\/2015-04-09-1024x549.png\" alt=\"\" width=\"715\" height=\"383\" srcset=\"https:\/\/www.feuerwehr-spelle.de\/cms\/wp-content\/uploads\/2019\/08\/2015-04-09-1024x549.png 1024w, https:\/\/www.feuerwehr-spelle.de\/cms\/wp-content\/uploads\/2019\/08\/2015-04-09-300x161.png 300w, https:\/\/www.feuerwehr-spelle.de\/cms\/wp-content\/uploads\/2019\/08\/2015-04-09-768x411.png 768w, https:\/\/www.feuerwehr-spelle.de\/cms\/wp-content\/uploads\/2019\/08\/2015-04-09.png 1273w\" sizes=\"auto, (max-width: 715px) 100vw, 715px\" \/><\/p>\n<p>In der Nacht war in der Paraffinfertigungsanlage der Raffinerie Salzbergen ein Brand ausgebrochen. In der 1000 Quadratmeter gro\u00dfen Halle wird erhitztes Paraffin (Kerzenwachs) abgek\u00fchlt und anschlie\u00dfend in Form gepresst. Aufgrund der guten Brenneigenschaften des Paraffins konnte das Feuer erst am n\u00e4chsten Morgen gel\u00f6scht werden. Insgesamt waren ca. 80 Kr\u00e4fte der Werkfeuerwehr und der Feuerwehren aus Salzbergen, Spelle und Rheine sowie Polizei und Rettungsdienst im Einsatz.<\/p>\n<p>&nbsp;<\/p>\n<p><strong>15.04. \u2013 Industrie\u2013 und Gewerbebrand in Beesten<\/strong><\/p>\n<p>Zu einer Staubexplosion wurde die Freiwillige Feuerwehr Spelle im Rahmen der nachbarschaftlichen L\u00f6schhilfe zu einem Industriebetrieb in Beesten gerufen. Durch die Explosion wurde ein Kunststoffvorhang entz\u00fcndet, welcher brennend auf ein Flachdach fiel. Der Brand konnte schnell abgel\u00f6scht werden, jedoch musste die Produktion des Unternehmens unterbrochen werden.<\/p>\n<p>&nbsp;<\/p>\n<p><strong>01.07. \u2013 Waldbrand in L\u00fcnne bei 33\u00b0 C<\/strong><\/p>\n<p><img loading=\"lazy\" decoding=\"async\" class=\"aligncenter size-large wp-image-461\" src=\"https:\/\/www.feuerwehr-spelle.de\/cms\/wp-content\/uploads\/2019\/08\/2015-07-01-1024x568.png\" alt=\"\" width=\"715\" height=\"397\" srcset=\"https:\/\/www.feuerwehr-spelle.de\/cms\/wp-content\/uploads\/2019\/08\/2015-07-01-1024x568.png 1024w, https:\/\/www.feuerwehr-spelle.de\/cms\/wp-content\/uploads\/2019\/08\/2015-07-01-300x166.png 300w, https:\/\/www.feuerwehr-spelle.de\/cms\/wp-content\/uploads\/2019\/08\/2015-07-01-768x426.png 768w, https:\/\/www.feuerwehr-spelle.de\/cms\/wp-content\/uploads\/2019\/08\/2015-07-01.png 1127w\" sizes=\"auto, (max-width: 715px) 100vw, 715px\" \/><\/p>\n<p>Ein Passant hatte am Nachmittag eine Rauchentwicklung in den Staatsforsten in L\u00fcnne beobachtet und daraufhin die Feuerwehr alarmiert. Als die ersten Einsatzkr\u00e4fte eintrafen, brannte im Wald bereits das Unterholz auf einer Fl\u00e4che von ca. 2000 Quadratmetern. Zudem breitete sich das Feuer \u00fcber ein Getreidefeld weiter aus. Aufgrund der schlechten Wasserversorgung mussten mehrere Tankl\u00f6schfahrzeuge im Pendelverkehr Wasser an die Einsatzstelle bringen. Der Brand konnte durch massiven Wassereinsatz am Abend gel\u00f6scht werden. Insgesamt waren 78 Einsatzkr\u00e4fte aus L\u00fcnne, Spelle, Schapen, Bramsche und Lingen vor Ort.<\/p>\n<p>&nbsp;<\/p>\n<p><strong>24.11. \u2013 Gefahrgutunfall Bawinkel<\/strong><\/p>\n<p><img loading=\"lazy\" decoding=\"async\" class=\"aligncenter size-full wp-image-462\" src=\"https:\/\/www.feuerwehr-spelle.de\/cms\/wp-content\/uploads\/2019\/08\/2015-11-24.png\" alt=\"\" width=\"794\" height=\"705\" srcset=\"https:\/\/www.feuerwehr-spelle.de\/cms\/wp-content\/uploads\/2019\/08\/2015-11-24.png 794w, https:\/\/www.feuerwehr-spelle.de\/cms\/wp-content\/uploads\/2019\/08\/2015-11-24-300x266.png 300w, https:\/\/www.feuerwehr-spelle.de\/cms\/wp-content\/uploads\/2019\/08\/2015-11-24-768x682.png 768w\" sizes=\"auto, (max-width: 794px) 100vw, 794px\" \/><\/p>\n<p>Aufgrund eines Gefahrgutunfalls in einem Futtermittelwerk in Bawinkel wurde der Gefahrgutzug Emsland-S\u00fcd zur Unterst\u00fctzung nachgefordert. Durch einen technischen Defekt waren mehrere hundert Liter Ameisens\u00e4ure ausgelaufen. Die S\u00e4ure musste unter Einsatz von Chemikalienschutzanz\u00fcgen (CSA) abgepumpt werden. Insgesamt dauerte der Einsatz \u00fcber zw\u00f6lf Stunden.<\/p>\n<\/div><\/div>\n<div class=\"su-spoiler su-spoiler-style-default su-spoiler-icon-plus su-spoiler-closed\" data-scroll-offset=\"0\" data-anchor-in-url=\"no\"><div class=\"su-spoiler-title\" tabindex=\"0\" role=\"button\"><span class=\"su-spoiler-icon\"><\/span>2014<\/div><div class=\"su-spoiler-content su-u-clearfix su-u-trim\">\n<p><a href=\"https:\/\/www.feuerwehr-spelle.de\/cms\/wp-content\/uploads\/2019\/07\/Jahresbericht-2014.pdf\">Jahresbericht 2014<\/a><\/p>\n<p><strong>31.03. \u2013 Verkehrsunfall Schale<\/strong><\/p>\n<p><img loading=\"lazy\" decoding=\"async\" class=\"aligncenter size-full wp-image-457\" src=\"https:\/\/www.feuerwehr-spelle.de\/cms\/wp-content\/uploads\/2019\/08\/2014-03-31.png\" alt=\"\" width=\"796\" height=\"713\" srcset=\"https:\/\/www.feuerwehr-spelle.de\/cms\/wp-content\/uploads\/2019\/08\/2014-03-31.png 796w, https:\/\/www.feuerwehr-spelle.de\/cms\/wp-content\/uploads\/2019\/08\/2014-03-31-300x269.png 300w, https:\/\/www.feuerwehr-spelle.de\/cms\/wp-content\/uploads\/2019\/08\/2014-03-31-768x688.png 768w\" sizes=\"auto, (max-width: 796px) 100vw, 796px\" \/><\/p>\n<p>Die Feuerwehr Spelle wurde zur nachbarschaftlichen Hilfeleistung mit dem Stichwort \u201eVerkehrsunfall mit eingeklemmter Person\u201c alarmiert. Vor Ort stellte sich heraus, dass ein Auto frontal gegen einen Baum geprallt war. Gemeinsam mit den Feuerwehren aus Schale und Hopsten, die ebenfalls alarmiert worden waren, wurde die Person aus dem schwer besch\u00e4digten<br \/>\nPkw gerettet.<\/p>\n<p>&nbsp;<\/p>\n<p><strong>09.04. \u2013 Wirtschaftsgeb\u00e4udebrand<\/strong><\/p>\n<p><img loading=\"lazy\" decoding=\"async\" class=\"aligncenter size-large wp-image-458\" src=\"https:\/\/www.feuerwehr-spelle.de\/cms\/wp-content\/uploads\/2019\/08\/2014-04-09-1024x516.png\" alt=\"\" width=\"715\" height=\"360\" srcset=\"https:\/\/www.feuerwehr-spelle.de\/cms\/wp-content\/uploads\/2019\/08\/2014-04-09-1024x516.png 1024w, https:\/\/www.feuerwehr-spelle.de\/cms\/wp-content\/uploads\/2019\/08\/2014-04-09-300x151.png 300w, https:\/\/www.feuerwehr-spelle.de\/cms\/wp-content\/uploads\/2019\/08\/2014-04-09-768x387.png 768w, https:\/\/www.feuerwehr-spelle.de\/cms\/wp-content\/uploads\/2019\/08\/2014-04-09.png 1242w\" sizes=\"auto, (max-width: 715px) 100vw, 715px\" \/><\/p>\n<p>Am Nachmittag kam es in Freren zu einem Wirtschaftsgeb\u00e4udebrand. Die Feuerwehr Spelle unterst\u00fctzte die Einsatzkr\u00e4fte aus Freren, Andervenne und Thuine mit der Hubrettungsb\u00fchne (HRB).<\/p>\n<p>&nbsp;<\/p>\n<p><strong>13.11. \u2013 Industrie- und Gewerbebrand<\/strong><\/p>\n<p><img loading=\"lazy\" decoding=\"async\" class=\"aligncenter size-full wp-image-459\" src=\"https:\/\/www.feuerwehr-spelle.de\/cms\/wp-content\/uploads\/2019\/08\/2014-11-13.png\" alt=\"\" width=\"963\" height=\"735\" srcset=\"https:\/\/www.feuerwehr-spelle.de\/cms\/wp-content\/uploads\/2019\/08\/2014-11-13.png 963w, https:\/\/www.feuerwehr-spelle.de\/cms\/wp-content\/uploads\/2019\/08\/2014-11-13-300x229.png 300w, https:\/\/www.feuerwehr-spelle.de\/cms\/wp-content\/uploads\/2019\/08\/2014-11-13-768x586.png 768w\" sizes=\"auto, (max-width: 963px) 100vw, 963px\" \/><\/p>\n<p>Bei einem metallverarbeitenden Betrieb in Spelle kam es am Abend zu einem Brand in einer Filteranlage. Ein Mitarbeiter hatte bereits versucht, den Brand mit einem Feuerl\u00f6scher zu l\u00f6schen.\u00a0 Dank des schnellen Eingreifens des Mitarbeiters konnte der Sachschaden gering gehalten<br \/>\nwerden.<\/p>\n<\/div><\/div>\n<div class=\"su-spoiler su-spoiler-style-default su-spoiler-icon-plus su-spoiler-closed\" data-scroll-offset=\"0\" data-anchor-in-url=\"no\"><div class=\"su-spoiler-title\" tabindex=\"0\" role=\"button\"><span class=\"su-spoiler-icon\"><\/span>2013<\/div><div class=\"su-spoiler-content su-u-clearfix su-u-trim\">\n<p><a href=\"https:\/\/www.feuerwehr-spelle.de\/cms\/wp-content\/uploads\/2019\/07\/Jahresbericht-2013.pdf\">Jahresbericht 2013<\/a><\/p>\n<p><strong>06.08. \u2013 Wohnungsbrand<\/strong><\/p>\n<p><img loading=\"lazy\" decoding=\"async\" class=\"aligncenter size-full wp-image-456\" src=\"https:\/\/www.feuerwehr-spelle.de\/cms\/wp-content\/uploads\/2019\/08\/2013-08-06.png\" alt=\"\" width=\"582\" height=\"786\" srcset=\"https:\/\/www.feuerwehr-spelle.de\/cms\/wp-content\/uploads\/2019\/08\/2013-08-06.png 582w, https:\/\/www.feuerwehr-spelle.de\/cms\/wp-content\/uploads\/2019\/08\/2013-08-06-222x300.png 222w\" sizes=\"auto, (max-width: 582px) 100vw, 582px\" \/><\/p>\n<p>Ein Anwohner bemerkte am fr\u00fchen Morgen, dass aus einer Wohnung im Erdgeschoss Rauch austrat. Der Anwohner alarmierte sofort die Feuerwehr und weckte alle Bewohner des Mehrfamilienhauses. Dank der guten Reaktion des Anwohners kam bei diesem Einsatz niemand ernsthaft zu Schaden.<\/p>\n<\/div><\/div>\n<div class=\"su-spoiler su-spoiler-style-default su-spoiler-icon-plus su-spoiler-closed\" data-scroll-offset=\"0\" data-anchor-in-url=\"no\"><div class=\"su-spoiler-title\" tabindex=\"0\" role=\"button\"><span class=\"su-spoiler-icon\"><\/span>2012<\/div><div class=\"su-spoiler-content su-u-clearfix su-u-trim\">\n<p><a href=\"https:\/\/www.feuerwehr-spelle.de\/cms\/wp-content\/uploads\/2019\/07\/Jahresbericht-2012.pdf\">Jahresbericht 2012<\/a><\/p>\n<p><strong>08.05. \u2013 Brand \u201eWestern Joe\u201c<\/strong><\/p>\n<p><img loading=\"lazy\" decoding=\"async\" class=\"aligncenter size-large wp-image-454\" src=\"https:\/\/www.feuerwehr-spelle.de\/cms\/wp-content\/uploads\/2019\/08\/2012-05-08-1024x480.png\" alt=\"\" width=\"715\" height=\"335\" srcset=\"https:\/\/www.feuerwehr-spelle.de\/cms\/wp-content\/uploads\/2019\/08\/2012-05-08-1024x480.png 1024w, https:\/\/www.feuerwehr-spelle.de\/cms\/wp-content\/uploads\/2019\/08\/2012-05-08-300x141.png 300w, https:\/\/www.feuerwehr-spelle.de\/cms\/wp-content\/uploads\/2019\/08\/2012-05-08-768x360.png 768w, https:\/\/www.feuerwehr-spelle.de\/cms\/wp-content\/uploads\/2019\/08\/2012-05-08.png 1200w\" sizes=\"auto, (max-width: 715px) 100vw, 715px\" \/><\/p>\n<p>Gegen 1.55 Uhr hatten Polizeibeamte nach einem Hinweis auf starke Rauchentwicklung im Bereich der L\u00fcnsfelder Stra\u00dfe in Freren bei einer Streifenfahrt einen Brand im Bereich des \u201eWestern-Joe Indoor-Spieleparadies\u201c festgestellt und die Feuerwehr alarmiert. Zur Unterst\u00fctzung der L\u00f6scharbeiten in Freren wurde die Hubrettungsb\u00fchne (HRB)<br \/>\nalarmiert.<\/p>\n<p>&nbsp;<\/p>\n<p><strong>17.08. \u2013 Werkstattbrand<\/strong><\/p>\n<p><img loading=\"lazy\" decoding=\"async\" class=\"aligncenter size-full wp-image-455\" src=\"https:\/\/www.feuerwehr-spelle.de\/cms\/wp-content\/uploads\/2019\/08\/2012-08-17.png\" alt=\"\" width=\"829\" height=\"666\" srcset=\"https:\/\/www.feuerwehr-spelle.de\/cms\/wp-content\/uploads\/2019\/08\/2012-08-17.png 829w, https:\/\/www.feuerwehr-spelle.de\/cms\/wp-content\/uploads\/2019\/08\/2012-08-17-300x241.png 300w, https:\/\/www.feuerwehr-spelle.de\/cms\/wp-content\/uploads\/2019\/08\/2012-08-17-768x617.png 768w\" sizes=\"auto, (max-width: 829px) 100vw, 829px\" \/><\/p>\n<p>An der Bernard-Krone-Stra\u00dfe kam es am fr\u00fchen Abend zu einem Werkstattbrand. Die Werkstatt, in der Autos und Kleinteile lagerten, war an eine gro\u00dfe Lagerhalle mit Wohnhaus angeschlossen. Nur durch massiven L\u00f6schmitteleinsatz konnten die Lagerhalle und das Wohnhaus gesch\u00fctzt werden. Es entstand ein erheblicher Sachschaden.<\/p>\n<\/div><\/div>\n<div class=\"su-spoiler su-spoiler-style-default su-spoiler-icon-plus su-spoiler-closed\" data-scroll-offset=\"0\" data-anchor-in-url=\"no\"><div class=\"su-spoiler-title\" tabindex=\"0\" role=\"button\"><span class=\"su-spoiler-icon\"><\/span>2011<\/div><div class=\"su-spoiler-content su-u-clearfix su-u-trim\">\n<p><a href=\"https:\/\/www.feuerwehr-spelle.de\/cms\/wp-content\/uploads\/2019\/07\/Jahresbericht-2011.pdf\">Jahresbericht 2011<\/a><\/p>\n<p><strong>05.01. \u2013 Geb\u00e4udebrand Grundschule Venhaus<\/strong><\/p>\n<p><img loading=\"lazy\" decoding=\"async\" class=\"aligncenter size-large wp-image-449\" src=\"https:\/\/www.feuerwehr-spelle.de\/cms\/wp-content\/uploads\/2019\/08\/2011-01-05-1024x667.png\" alt=\"\" width=\"715\" height=\"466\" srcset=\"https:\/\/www.feuerwehr-spelle.de\/cms\/wp-content\/uploads\/2019\/08\/2011-01-05-1024x667.png 1024w, https:\/\/www.feuerwehr-spelle.de\/cms\/wp-content\/uploads\/2019\/08\/2011-01-05-300x195.png 300w, https:\/\/www.feuerwehr-spelle.de\/cms\/wp-content\/uploads\/2019\/08\/2011-01-05-768x500.png 768w, https:\/\/www.feuerwehr-spelle.de\/cms\/wp-content\/uploads\/2019\/08\/2011-01-05.png 1102w\" sizes=\"auto, (max-width: 715px) 100vw, 715px\" \/><\/p>\n<p>Kinder hatten beim Spielen mit Feuer versehentlich einen M\u00fcllcontainer in Brand gesteckt. Das Feuer griff auf die Grundschule \u00fcber und setzte gro\u00dfe Teile des Dachstuhls in Brand. Die\u00a0 Feuerwehr Spelle unterst\u00fctzte die Feuerwehr Venhaus bei den L\u00f6scharbeiten.<\/p>\n<p>&nbsp;<\/p>\n<p><strong>31.01. \u2013 Wohnhausbrand Emsb\u00fcren<\/strong><\/p>\n<p>Am sp\u00e4ten Abend wurde die Feuerwehr Spelle mit der Hubrettungsb\u00fchne (HRB) zu einem Wohnungsbrand in Emsb\u00fcren gerufen. Im ersten Obergeschoss war es zu einem Zimmerbrand gekommen, wodurch das Treppenhaus stark verqualmt war. Die HRB aus Spelle rettete sieben Personen aus dem zweiten Obergeschoss.<\/p>\n<p>&nbsp;<\/p>\n<p><strong>06.05. \u2013 Einweihung L\u00f6schgruppenfahrzeug (LF 20\/16)<\/strong><\/p>\n<p><img loading=\"lazy\" decoding=\"async\" class=\"aligncenter size-large wp-image-450\" src=\"https:\/\/www.feuerwehr-spelle.de\/cms\/wp-content\/uploads\/2019\/08\/2011-05-06-1024x602.png\" alt=\"\" width=\"715\" height=\"420\" srcset=\"https:\/\/www.feuerwehr-spelle.de\/cms\/wp-content\/uploads\/2019\/08\/2011-05-06-1024x602.png 1024w, https:\/\/www.feuerwehr-spelle.de\/cms\/wp-content\/uploads\/2019\/08\/2011-05-06-300x176.png 300w, https:\/\/www.feuerwehr-spelle.de\/cms\/wp-content\/uploads\/2019\/08\/2011-05-06-768x451.png 768w, https:\/\/www.feuerwehr-spelle.de\/cms\/wp-content\/uploads\/2019\/08\/2011-05-06-184x109.png 184w, https:\/\/www.feuerwehr-spelle.de\/cms\/wp-content\/uploads\/2019\/08\/2011-05-06.png 1132w\" sizes=\"auto, (max-width: 715px) 100vw, 715px\" \/><\/p>\n<p>Im Jahre 2011 konnte die Feuerwehr Spelle ihr neues L\u00f6schgruppenfahrzeug (LF 20\/16) offiziell in Dienst nehmen. Das LF 20\/16 ersetzt das nun schon 32 Jahre alte L\u00f6schgruppenfahrzeug (LF8), welches den aktuellen Anspr\u00fcchen in puncto Sicherheit und Ausstattung nicht mehr gen\u00fcgte.<\/p>\n<p>&nbsp;<\/p>\n<p><strong>11.07. \u2013 Zimmerbrand M\u00fchlenweg<\/strong><\/p>\n<p><img loading=\"lazy\" decoding=\"async\" class=\"aligncenter size-large wp-image-451\" src=\"https:\/\/www.feuerwehr-spelle.de\/cms\/wp-content\/uploads\/2019\/08\/2011-07-11-1024x606.png\" alt=\"\" width=\"715\" height=\"423\" srcset=\"https:\/\/www.feuerwehr-spelle.de\/cms\/wp-content\/uploads\/2019\/08\/2011-07-11-1024x606.png 1024w, https:\/\/www.feuerwehr-spelle.de\/cms\/wp-content\/uploads\/2019\/08\/2011-07-11-300x178.png 300w, https:\/\/www.feuerwehr-spelle.de\/cms\/wp-content\/uploads\/2019\/08\/2011-07-11-768x455.png 768w, https:\/\/www.feuerwehr-spelle.de\/cms\/wp-content\/uploads\/2019\/08\/2011-07-11-184x109.png 184w, https:\/\/www.feuerwehr-spelle.de\/cms\/wp-content\/uploads\/2019\/08\/2011-07-11.png 1064w\" sizes=\"auto, (max-width: 715px) 100vw, 715px\" \/><\/p>\n<p>Im M\u00fchlenweg hatte eine Waschmaschine aufgrund eines technischen Defektes Feuer gefangen. Die Anwohner hatten dies fr\u00fchzeitig bemerkt, sodass die Feuerwehr einen gr\u00f6\u00dferen Schaden abwenden konnte.<\/p>\n<p>&nbsp;<\/p>\n<p><strong>09.08. \u2013 Pkw vor Zug<\/strong><\/p>\n<p><img loading=\"lazy\" decoding=\"async\" class=\"aligncenter size-large wp-image-452\" src=\"https:\/\/www.feuerwehr-spelle.de\/cms\/wp-content\/uploads\/2019\/08\/2011-08-09-1024x487.png\" alt=\"\" width=\"715\" height=\"340\" srcset=\"https:\/\/www.feuerwehr-spelle.de\/cms\/wp-content\/uploads\/2019\/08\/2011-08-09-1024x487.png 1024w, https:\/\/www.feuerwehr-spelle.de\/cms\/wp-content\/uploads\/2019\/08\/2011-08-09-300x143.png 300w, https:\/\/www.feuerwehr-spelle.de\/cms\/wp-content\/uploads\/2019\/08\/2011-08-09-768x365.png 768w, https:\/\/www.feuerwehr-spelle.de\/cms\/wp-content\/uploads\/2019\/08\/2011-08-09.png 1161w\" sizes=\"auto, (max-width: 715px) 100vw, 715px\" \/><\/p>\n<p>Zu dem technischen Hilfeleistungs-Einsatz \u201ePkw vor Zug\u201c wurde die Feuerwehr Spelle am 09.08. gerufen. Vor Ort stellte sich heraus, dass ein Pkw-Fahrer, ein Kamerad der Feuerwehr Spelle, an einem Bahn\u00fcbergang einen sich n\u00e4hernden Zug \u00fcbersah und mit diesem kollidierte. Der Pkw wurde dabei ca. 30 Meter vom Zug mitgeschliffen, bevor er zum Stehen kam. Der Kamerad \u00fcberlebte den Unfall schwer verletzt.<\/p>\n<p>&nbsp;<\/p>\n<p><strong>06.11. \u2013 T\u00f6dlicher Verkehrsunfall B70<\/strong><\/p>\n<p><img loading=\"lazy\" decoding=\"async\" class=\"aligncenter size-large wp-image-453\" src=\"https:\/\/www.feuerwehr-spelle.de\/cms\/wp-content\/uploads\/2019\/08\/2011-11-06-1024x646.png\" alt=\"\" width=\"715\" height=\"451\" srcset=\"https:\/\/www.feuerwehr-spelle.de\/cms\/wp-content\/uploads\/2019\/08\/2011-11-06-1024x646.png 1024w, https:\/\/www.feuerwehr-spelle.de\/cms\/wp-content\/uploads\/2019\/08\/2011-11-06-300x189.png 300w, https:\/\/www.feuerwehr-spelle.de\/cms\/wp-content\/uploads\/2019\/08\/2011-11-06-768x484.png 768w, https:\/\/www.feuerwehr-spelle.de\/cms\/wp-content\/uploads\/2019\/08\/2011-11-06-115x73.png 115w, https:\/\/www.feuerwehr-spelle.de\/cms\/wp-content\/uploads\/2019\/08\/2011-11-06.png 1102w\" sizes=\"auto, (max-width: 715px) 100vw, 715px\" \/><\/p>\n<p>Am sp\u00e4ten Abend kollidierte ein aus Lingen kommender BMW mit einem aus Rheine kommenden KIA. Auf H\u00f6he der Venhauser Schleuse kam der BMW ins Schleudern und prallte seitlich in das entgegenkommende Fahrzeug. Der Aufprall war so stark, dass der BMW in zwei Teile gerissen und die beiden Insassen hinausgeschleudert wurden. Die Wrackteile des BMW lagen dabei ca. 40 Meter voneinander entfernt. Die Insassen des zweiten Pkw wurden bei diesem Unfall eingeklemmt und mussten von der Feuerwehr befreit werden.<\/p>\n<\/div><\/div>\n<div class=\"su-spoiler su-spoiler-style-default su-spoiler-icon-plus su-spoiler-closed\" data-scroll-offset=\"0\" data-anchor-in-url=\"no\"><div class=\"su-spoiler-title\" tabindex=\"0\" role=\"button\"><span class=\"su-spoiler-icon\"><\/span>2010<\/div><div class=\"su-spoiler-content su-u-clearfix su-u-trim\">\n<p><a href=\"https:\/\/www.feuerwehr-spelle.de\/cms\/wp-content\/uploads\/2019\/07\/Jahresbericht-2010.pdf\">Jahresbericht 2010<\/a><\/p>\n<p><strong>31.01. \u2013 T\u00f6dlicher Verkehrsunfall<\/strong><\/p>\n<p><img loading=\"lazy\" decoding=\"async\" class=\"aligncenter size-large wp-image-447\" src=\"https:\/\/www.feuerwehr-spelle.de\/cms\/wp-content\/uploads\/2019\/08\/2010-01-31-1024x688.png\" alt=\"\" width=\"715\" height=\"480\" srcset=\"https:\/\/www.feuerwehr-spelle.de\/cms\/wp-content\/uploads\/2019\/08\/2010-01-31-1024x688.png 1024w, https:\/\/www.feuerwehr-spelle.de\/cms\/wp-content\/uploads\/2019\/08\/2010-01-31-300x202.png 300w, https:\/\/www.feuerwehr-spelle.de\/cms\/wp-content\/uploads\/2019\/08\/2010-01-31-768x516.png 768w, https:\/\/www.feuerwehr-spelle.de\/cms\/wp-content\/uploads\/2019\/08\/2010-01-31.png 1101w\" sizes=\"auto, (max-width: 715px) 100vw, 715px\" \/><\/p>\n<p>Eine Person befuhr mit einem Pkw die Schapener Stra\u00dfe in Richtung Schapen und verlor in einer Linkskurve auf der vereisten Stra\u00dfe die Kontrolle \u00fcber sein Fahrzeug. Der Pkw prallte mit der Fahrerseite gegen einen Baum. Die Person verstarb noch an der Unfallstelle.<\/p>\n<p>&nbsp;<\/p>\n<p><strong>26. &#8211; 27.08. \u2013 Hochwasser<\/strong><\/p>\n<p><img loading=\"lazy\" decoding=\"async\" class=\"aligncenter size-large wp-image-448\" src=\"https:\/\/www.feuerwehr-spelle.de\/cms\/wp-content\/uploads\/2019\/08\/2010-08-27-1024x694.png\" alt=\"\" width=\"715\" height=\"485\" srcset=\"https:\/\/www.feuerwehr-spelle.de\/cms\/wp-content\/uploads\/2019\/08\/2010-08-27-1024x694.png 1024w, https:\/\/www.feuerwehr-spelle.de\/cms\/wp-content\/uploads\/2019\/08\/2010-08-27-300x203.png 300w, https:\/\/www.feuerwehr-spelle.de\/cms\/wp-content\/uploads\/2019\/08\/2010-08-27-768x521.png 768w, https:\/\/www.feuerwehr-spelle.de\/cms\/wp-content\/uploads\/2019\/08\/2010-08-27.png 1102w\" sizes=\"auto, (max-width: 715px) 100vw, 715px\" \/><\/p>\n<p>Aufgrund des tagelangen Regens wurden die Feuerwehren der Samtgemeinde Spelle zu zahlreichen Eins\u00e4tzen gerufen. Auch die Feuerwehr Spelle musste mehrfach ausr\u00fccken, wobei einige Eins\u00e4tze \u00fcber mehrere Tage parallel abgearbeitet werden mussten.<\/p>\n<\/div><\/div>\n<div class=\"su-spoiler su-spoiler-style-default su-spoiler-icon-plus su-spoiler-closed\" data-scroll-offset=\"0\" data-anchor-in-url=\"no\"><div class=\"su-spoiler-title\" tabindex=\"0\" role=\"button\"><span class=\"su-spoiler-icon\"><\/span>2009<\/div><div class=\"su-spoiler-content su-u-clearfix su-u-trim\">\n<p><a href=\"https:\/\/www.feuerwehr-spelle.de\/cms\/wp-content\/uploads\/2019\/07\/Jahresbericht-2009.pdf\">Jahresbericht 2009<\/a><\/p>\n<p><strong>02.03. \u2013 Verkehrsunfall Viehtransporter<\/strong><\/p>\n<p><img loading=\"lazy\" decoding=\"async\" class=\"aligncenter size-large wp-image-445\" src=\"https:\/\/www.feuerwehr-spelle.de\/cms\/wp-content\/uploads\/2019\/08\/2008-03-02-1024x742.png\" alt=\"\" width=\"715\" height=\"518\" srcset=\"https:\/\/www.feuerwehr-spelle.de\/cms\/wp-content\/uploads\/2019\/08\/2008-03-02-1024x742.png 1024w, https:\/\/www.feuerwehr-spelle.de\/cms\/wp-content\/uploads\/2019\/08\/2008-03-02-300x217.png 300w, https:\/\/www.feuerwehr-spelle.de\/cms\/wp-content\/uploads\/2019\/08\/2008-03-02-768x557.png 768w, https:\/\/www.feuerwehr-spelle.de\/cms\/wp-content\/uploads\/2019\/08\/2008-03-02.png 1057w\" sizes=\"auto, (max-width: 715px) 100vw, 715px\" \/><\/p>\n<p>Ein mit Bullen beladener Lkw kippte auf der B70 zwischen Varenrode und L\u00fcnne in den Seitenraum. Bei dem Unfall verendeten einige Bullen, andere mussten eingefangen werden. Trotz der Unterst\u00fctzung eines Hubschraubers und einer W\u00e4rmebildkamera konnte der letzte Bulle erst Tage sp\u00e4ter aufgefunden werden.<\/p>\n<p>&nbsp;<\/p>\n<p><strong>09.07. \u2013 Tier in Not<\/strong><\/p>\n<p>Kurz vor Mitternacht wurde die Feuerwehr Spelle mit dem Stichwort \u201eTier in Not\u201c alarmiert. Unbekannte hatten junge Katzen die Toilette heruntergesp\u00fclt. Ein aufmerksamer Mitb\u00fcrger hatte die Katzenlaute in der Kanalisation bemerkt und umgehend die Feuerwehr alarmiert.<\/p>\n<p>&nbsp;<\/p>\n<p><strong>18.08. \u2013 Gefahrguteinsatz B70<\/strong><\/p>\n<p><img loading=\"lazy\" decoding=\"async\" class=\"aligncenter size-large wp-image-446\" src=\"https:\/\/www.feuerwehr-spelle.de\/cms\/wp-content\/uploads\/2019\/08\/2008-08-18-1024x647.png\" alt=\"\" width=\"715\" height=\"452\" srcset=\"https:\/\/www.feuerwehr-spelle.de\/cms\/wp-content\/uploads\/2019\/08\/2008-08-18-1024x647.png 1024w, https:\/\/www.feuerwehr-spelle.de\/cms\/wp-content\/uploads\/2019\/08\/2008-08-18-300x189.png 300w, https:\/\/www.feuerwehr-spelle.de\/cms\/wp-content\/uploads\/2019\/08\/2008-08-18-768x485.png 768w, https:\/\/www.feuerwehr-spelle.de\/cms\/wp-content\/uploads\/2019\/08\/2008-08-18-115x73.png 115w, https:\/\/www.feuerwehr-spelle.de\/cms\/wp-content\/uploads\/2019\/08\/2008-08-18.png 1091w\" sizes=\"auto, (max-width: 715px) 100vw, 715px\" \/><\/p>\n<p>Auf der B70 kollidierte am Morgen ein Pkw mit einem Gefahrgut-Lkw. Wie durch ein Wunder wurde der Pkw-Fahrer nur leicht verletzt.<\/p>\n<\/div><\/div>\n<div class=\"su-spoiler su-spoiler-style-default su-spoiler-icon-plus su-spoiler-closed\" data-scroll-offset=\"0\" data-anchor-in-url=\"no\"><div class=\"su-spoiler-title\" tabindex=\"0\" role=\"button\"><span class=\"su-spoiler-icon\"><\/span>2008<\/div><div class=\"su-spoiler-content su-u-clearfix su-u-trim\">\n<p><a href=\"https:\/\/www.feuerwehr-spelle.de\/cms\/wp-content\/uploads\/2019\/04\/Jahresbericht-2008.pdf\">Jahresbericht 2008<\/a><\/p>\n<p><strong>31.03. \u2013 Metallbrand Filteranlage<\/strong><\/p>\n<p>Bei Wartungsarbeiten geriet eine Filteranlage in Brand. Dank des schnellen Eingreifens<br \/>\nder Feuerwehr konnte eine weitere Ausbreitung verhindert werden.<\/p>\n<p>&nbsp;<\/p>\n<p><strong>02.11. \u2013 Einweihung MTF<\/strong><\/p>\n<p><img loading=\"lazy\" decoding=\"async\" class=\"aligncenter size-full wp-image-443\" src=\"https:\/\/www.feuerwehr-spelle.de\/cms\/wp-content\/uploads\/2019\/08\/2008-11-02.png\" alt=\"\" width=\"994\" height=\"809\" srcset=\"https:\/\/www.feuerwehr-spelle.de\/cms\/wp-content\/uploads\/2019\/08\/2008-11-02.png 994w, https:\/\/www.feuerwehr-spelle.de\/cms\/wp-content\/uploads\/2019\/08\/2008-11-02-300x244.png 300w, https:\/\/www.feuerwehr-spelle.de\/cms\/wp-content\/uploads\/2019\/08\/2008-11-02-768x625.png 768w\" sizes=\"auto, (max-width: 994px) 100vw, 994px\" \/><\/p>\n<p>Das Mannschaftstransportfahrzeug (MTF) wurde feierlich in Dienst gestellt. Das MTF<br \/>\ndient der Jugendfeuerwehr zur notwendigen Mobilit\u00e4t. Zus\u00e4tzlich wird das Fahrzeug<br \/>\nf\u00fcr Fahrten zu Lehrg\u00e4ngen und Feuerwehrveranstaltungen genutzt.<\/p>\n<p>&nbsp;<\/p>\n<p><strong>19.11. \u2013 T\u00f6dlicher Verkehrsunfall<\/strong><\/p>\n<p><img loading=\"lazy\" decoding=\"async\" class=\"aligncenter size-large wp-image-444\" src=\"https:\/\/www.feuerwehr-spelle.de\/cms\/wp-content\/uploads\/2019\/08\/2007-11-19-1024x646.png\" alt=\"\" width=\"715\" height=\"451\" srcset=\"https:\/\/www.feuerwehr-spelle.de\/cms\/wp-content\/uploads\/2019\/08\/2007-11-19-1024x646.png 1024w, https:\/\/www.feuerwehr-spelle.de\/cms\/wp-content\/uploads\/2019\/08\/2007-11-19-300x189.png 300w, https:\/\/www.feuerwehr-spelle.de\/cms\/wp-content\/uploads\/2019\/08\/2007-11-19-768x485.png 768w, https:\/\/www.feuerwehr-spelle.de\/cms\/wp-content\/uploads\/2019\/08\/2007-11-19-115x73.png 115w, https:\/\/www.feuerwehr-spelle.de\/cms\/wp-content\/uploads\/2019\/08\/2007-11-19.png 1095w\" sizes=\"auto, (max-width: 715px) 100vw, 715px\" \/><\/p>\n<p>Ein Mann befuhr am Abend die Schapener Stra\u00dfe in Richtung Schapen. In einer Linkskurve verlor er die Kontrolle \u00fcber seinen Pkw und prallte gegen einen Baum. Der Aufprall war so stark, dass der Fahrzeugf\u00fchrer aus dem Pkw geschleudert wurde und noch am Unfallort verstarb.<\/p>\n<\/div><\/div>\n<div class=\"su-spoiler su-spoiler-style-default su-spoiler-icon-plus su-spoiler-closed\" data-scroll-offset=\"0\" data-anchor-in-url=\"no\"><div class=\"su-spoiler-title\" tabindex=\"0\" role=\"button\"><span class=\"su-spoiler-icon\"><\/span>2007<\/div><div class=\"su-spoiler-content su-u-clearfix su-u-trim\">\n<p><a href=\"https:\/\/www.feuerwehr-spelle.de\/cms\/wp-content\/uploads\/2019\/04\/Jahresbericht-2007.pdf\">Jahresbericht 2007<\/a><\/p>\n<p><strong>01.06. \u2013 Einweihung der Hubrettungsb\u00fchne (HRB)<\/strong><\/p>\n<p><img loading=\"lazy\" decoding=\"async\" class=\"aligncenter size-full wp-image-439\" src=\"https:\/\/www.feuerwehr-spelle.de\/cms\/wp-content\/uploads\/2019\/08\/2007-06-01.png\" alt=\"\" width=\"622\" height=\"697\" srcset=\"https:\/\/www.feuerwehr-spelle.de\/cms\/wp-content\/uploads\/2019\/08\/2007-06-01.png 622w, https:\/\/www.feuerwehr-spelle.de\/cms\/wp-content\/uploads\/2019\/08\/2007-06-01-268x300.png 268w\" sizes=\"auto, (max-width: 622px) 100vw, 622px\" \/><\/p>\n<p>Im Jahre 2007 konnte die Feuerwehr Spelle die neue Hubrettungsb\u00fchne (HRB) feierlich in Betrieb nehmen. Schon Mitte der 90er Jahre wurde in Feuerwehrkreisen, aufgrund der starken Entwicklung der Industrie- und Gewerbebetriebe, \u00fcber die Anschaffung einer HRB beraten. Im Jahr 2007 wurde schlie\u00dflich die erste HRB in Niedersachsen in Dienst gestellt. Somit wurde eine L\u00fccke in der Samtgemeinde Spelle geschlossen.<\/p>\n<p>&nbsp;<\/p>\n<p><strong>10.07. \u2013 Gefahrguteinsatz auf der B70<\/strong><\/p>\n<p><img loading=\"lazy\" decoding=\"async\" class=\"aligncenter size-large wp-image-440\" src=\"https:\/\/www.feuerwehr-spelle.de\/cms\/wp-content\/uploads\/2019\/08\/2007-07-10-1024x434.png\" alt=\"\" width=\"715\" height=\"303\" srcset=\"https:\/\/www.feuerwehr-spelle.de\/cms\/wp-content\/uploads\/2019\/08\/2007-07-10-1024x434.png 1024w, https:\/\/www.feuerwehr-spelle.de\/cms\/wp-content\/uploads\/2019\/08\/2007-07-10-300x127.png 300w, https:\/\/www.feuerwehr-spelle.de\/cms\/wp-content\/uploads\/2019\/08\/2007-07-10-768x326.png 768w, https:\/\/www.feuerwehr-spelle.de\/cms\/wp-content\/uploads\/2019\/08\/2007-07-10.png 1162w\" sizes=\"auto, (max-width: 715px) 100vw, 715px\" \/><\/p>\n<p>Am fr\u00fchen Morgen befuhr ein mit Bitumen beladener Lkw die B70 in Richtung Rheine. Auf H\u00f6he der Schleuse Venhaus kippte der Lkw in den Seitenraum, wobei der Tank aufriss und mehrere Liter des Gefahrstoffes ausliefen.<\/p>\n<p>&nbsp;<\/p>\n<p><strong>10.07. \u2013 Blitzeinschlag in Mehrfamilienhaus<\/strong><\/p>\n<p><img loading=\"lazy\" decoding=\"async\" class=\"aligncenter size-large wp-image-441\" src=\"https:\/\/www.feuerwehr-spelle.de\/cms\/wp-content\/uploads\/2019\/08\/2007-07-102-1024x598.png\" alt=\"\" width=\"715\" height=\"418\" srcset=\"https:\/\/www.feuerwehr-spelle.de\/cms\/wp-content\/uploads\/2019\/08\/2007-07-102-1024x598.png 1024w, https:\/\/www.feuerwehr-spelle.de\/cms\/wp-content\/uploads\/2019\/08\/2007-07-102-300x175.png 300w, https:\/\/www.feuerwehr-spelle.de\/cms\/wp-content\/uploads\/2019\/08\/2007-07-102-768x449.png 768w, https:\/\/www.feuerwehr-spelle.de\/cms\/wp-content\/uploads\/2019\/08\/2007-07-102-184x109.png 184w, https:\/\/www.feuerwehr-spelle.de\/cms\/wp-content\/uploads\/2019\/08\/2007-07-102.png 1097w\" sizes=\"auto, (max-width: 715px) 100vw, 715px\" \/><\/p>\n<p>Am Abend des 10.07. schlug ein Blitz in ein Mehrfamilienhaus ein. Der Blitz besa\u00df so viel Energie, dass selbst in den Nachbargeb\u00e4uden die Steckdosen aus den W\u00e4nden platzten<\/p>\n<p>&nbsp;<\/p>\n<p><strong>14.07. \u2013 Hilflose Person von Dach gerettet<\/strong><\/p>\n<p>In der Nacht des 14.07. wurde die Feuerwehr zu einem nicht allt\u00e4glichen Einsatz gerufen. Anwohner hatten gesehen, dass eine betrunkene Person auf ein Flachdach geklettert war. Als die\u00a0 Feuerwehr eintraf, schlief die Person bereits. Sie wurde von der Feuerwehr geweckt und vom Dach hinunterbegleitet.<\/p>\n<p>&nbsp;<\/p>\n<p><strong>01.09. \u2013 Gr\u00fcndung der Jugendfeuerwehr<\/strong><\/p>\n<p><img loading=\"lazy\" decoding=\"async\" class=\"aligncenter size-large wp-image-442\" src=\"https:\/\/www.feuerwehr-spelle.de\/cms\/wp-content\/uploads\/2019\/08\/2007-09-01-1024x604.png\" alt=\"\" width=\"715\" height=\"422\" srcset=\"https:\/\/www.feuerwehr-spelle.de\/cms\/wp-content\/uploads\/2019\/08\/2007-09-01-1024x604.png 1024w, https:\/\/www.feuerwehr-spelle.de\/cms\/wp-content\/uploads\/2019\/08\/2007-09-01-300x177.png 300w, https:\/\/www.feuerwehr-spelle.de\/cms\/wp-content\/uploads\/2019\/08\/2007-09-01-768x453.png 768w, https:\/\/www.feuerwehr-spelle.de\/cms\/wp-content\/uploads\/2019\/08\/2007-09-01-184x109.png 184w, https:\/\/www.feuerwehr-spelle.de\/cms\/wp-content\/uploads\/2019\/08\/2007-09-01.png 1102w\" sizes=\"auto, (max-width: 715px) 100vw, 715px\" \/><\/p>\n<p>Am 01.09.2007 wurde die Jugendfeuerwehr gegr\u00fcndet, die neben der Einsatzabteilung, der Alters- und Ehrenabteilung und dem Musikzug die vierte Abteilung bildet. Den Anfang machten 17 Jugendliche, die bei \u00dcbungsnachmittagen die Arbeit in der Feuerwehr kennenlernen.<\/p>\n<\/div><\/div>\n<div class=\"su-spoiler su-spoiler-style-default su-spoiler-icon-plus su-spoiler-closed\" data-scroll-offset=\"0\" data-anchor-in-url=\"no\"><div class=\"su-spoiler-title\" tabindex=\"0\" role=\"button\"><span class=\"su-spoiler-icon\"><\/span>2006<\/div><div class=\"su-spoiler-content su-u-clearfix su-u-trim\">\n<p><a href=\"https:\/\/www.feuerwehr-spelle.de\/cms\/wp-content\/uploads\/2019\/04\/Jahresbericht-2006.pdf\">Jahresbericht 2006<\/a><\/p>\n<p><strong>09.04. \u2013 Sicherung der Deiche an der Elbe<\/strong><\/p>\n<p><img loading=\"lazy\" decoding=\"async\" class=\"aligncenter size-large wp-image-437\" src=\"https:\/\/www.feuerwehr-spelle.de\/cms\/wp-content\/uploads\/2019\/08\/2006-04-09-1024x645.png\" alt=\"\" width=\"715\" height=\"450\" srcset=\"https:\/\/www.feuerwehr-spelle.de\/cms\/wp-content\/uploads\/2019\/08\/2006-04-09-1024x645.png 1024w, https:\/\/www.feuerwehr-spelle.de\/cms\/wp-content\/uploads\/2019\/08\/2006-04-09-300x189.png 300w, https:\/\/www.feuerwehr-spelle.de\/cms\/wp-content\/uploads\/2019\/08\/2006-04-09-768x483.png 768w, https:\/\/www.feuerwehr-spelle.de\/cms\/wp-content\/uploads\/2019\/08\/2006-04-09-115x73.png 115w, https:\/\/www.feuerwehr-spelle.de\/cms\/wp-content\/uploads\/2019\/08\/2006-04-09.png 1104w\" sizes=\"auto, (max-width: 715px) 100vw, 715px\" \/><\/p>\n<p>Am Montagmorgen wurde die Kreisbereitschaft Emsland S\u00fcd zur Sicherung der Deiche an der Elbe alarmiert. Hierzu fuhren 121 Kameraden, darunter vier Kameraden aus der Gemeinde Spelle, in<br \/>\ndas Hochwassereinsatzgebiet Amt Neuhaus. Diese Kameraden bef\u00fcllten w\u00e4hrend ihrer Anwesenheit rund 60.000 Sands\u00e4cke.<\/p>\n<p>&nbsp;<\/p>\n<p><strong>15.05. \u2013 Einweihung des neuen Feuerwehrhauses<\/strong><\/p>\n<p><img loading=\"lazy\" decoding=\"async\" class=\"aligncenter size-large wp-image-438\" src=\"https:\/\/www.feuerwehr-spelle.de\/cms\/wp-content\/uploads\/2019\/08\/2006-05-15-1024x738.png\" alt=\"\" width=\"715\" height=\"515\" srcset=\"https:\/\/www.feuerwehr-spelle.de\/cms\/wp-content\/uploads\/2019\/08\/2006-05-15-1024x738.png 1024w, https:\/\/www.feuerwehr-spelle.de\/cms\/wp-content\/uploads\/2019\/08\/2006-05-15-300x216.png 300w, https:\/\/www.feuerwehr-spelle.de\/cms\/wp-content\/uploads\/2019\/08\/2006-05-15-768x553.png 768w, https:\/\/www.feuerwehr-spelle.de\/cms\/wp-content\/uploads\/2019\/08\/2006-05-15.png 1156w\" sizes=\"auto, (max-width: 715px) 100vw, 715px\" \/><\/p>\n<p>Nach weniger als einem Jahr Bauzeit wurde das neue Feuerwehrhaus an der Schapener Stra\u00dfe bezogen. Eine genaue Beschreibung des Feuerwehrhauses befindet sich <a href=\"https:\/\/www.feuerwehr-spelle.de\/cms\/technik\/feuerwehrhaus\/\">hier<\/a>.<\/p>\n<p>&nbsp;<\/p>\n<p><strong>29.12. \u2013 Brand einer Filteranlage<\/strong><\/p>\n<p>Bei Wartungsarbeiten fing ein Metallstaubfilter einer Strahlanlage Feuer. Da es sich hierbei um einen Metallbrand handelte, welcher ein spezielles L\u00f6schmittel bedarf, wurde<br \/>\ndie Werkfeuerwehr der BP mit speziellen Metallbrandl\u00f6schern nachalarmiert.<\/p>\n<\/div><\/div>\n<div class=\"su-spoiler su-spoiler-style-default su-spoiler-icon-plus su-spoiler-closed\" data-scroll-offset=\"0\" data-anchor-in-url=\"no\"><div class=\"su-spoiler-title\" tabindex=\"0\" role=\"button\"><span class=\"su-spoiler-icon\"><\/span>2005<\/div><div class=\"su-spoiler-content su-u-clearfix su-u-trim\">\n<p><a href=\"https:\/\/www.feuerwehr-spelle.de\/cms\/wp-content\/uploads\/2019\/04\/Jahresbericht-2005.pdf\">Jahresbericht 2005<\/a><\/p>\n<p><strong>16.06. \u2013 Geb\u00e4udebrand \u201eAnnette\u2018s Grillimbiss\u201c<\/strong><\/p>\n<p><img loading=\"lazy\" decoding=\"async\" class=\"aligncenter size-full wp-image-433\" src=\"https:\/\/www.feuerwehr-spelle.de\/cms\/wp-content\/uploads\/2019\/08\/2005-06-16.png\" alt=\"\" width=\"979\" height=\"618\" srcset=\"https:\/\/www.feuerwehr-spelle.de\/cms\/wp-content\/uploads\/2019\/08\/2005-06-16.png 979w, https:\/\/www.feuerwehr-spelle.de\/cms\/wp-content\/uploads\/2019\/08\/2005-06-16-300x189.png 300w, https:\/\/www.feuerwehr-spelle.de\/cms\/wp-content\/uploads\/2019\/08\/2005-06-16-768x485.png 768w, https:\/\/www.feuerwehr-spelle.de\/cms\/wp-content\/uploads\/2019\/08\/2005-06-16-115x73.png 115w\" sizes=\"auto, (max-width: 979px) 100vw, 979px\" \/><\/p>\n<p>In der Nacht zum 17.06. war \u201eAnnette\u2018s Grillimbiss\u201c in Brand geraten. Die dort gelagerten Gasflaschen stellten ein zus\u00e4tzliches Risiko f\u00fcr die Kameraden dar. Trotz eines massiven L\u00f6scheinsatzes konnte nicht verhindert werden, dass das Dachgeschoss und weite Teile des Dachstuhls ausbrannten.<\/p>\n<p>&nbsp;<\/p>\n<p><strong>14.07. \u2013 Spatenstich neues Feuerwehrhaus<\/strong><\/p>\n<p><img loading=\"lazy\" decoding=\"async\" class=\"aligncenter size-large wp-image-434\" src=\"https:\/\/www.feuerwehr-spelle.de\/cms\/wp-content\/uploads\/2019\/08\/2005-07-14-1024x512.png\" alt=\"\" width=\"715\" height=\"358\" srcset=\"https:\/\/www.feuerwehr-spelle.de\/cms\/wp-content\/uploads\/2019\/08\/2005-07-14-1024x512.png 1024w, https:\/\/www.feuerwehr-spelle.de\/cms\/wp-content\/uploads\/2019\/08\/2005-07-14-300x150.png 300w, https:\/\/www.feuerwehr-spelle.de\/cms\/wp-content\/uploads\/2019\/08\/2005-07-14-768x384.png 768w, https:\/\/www.feuerwehr-spelle.de\/cms\/wp-content\/uploads\/2019\/08\/2005-07-14.png 1079w\" sizes=\"auto, (max-width: 715px) 100vw, 715px\" \/><\/p>\n<p>Am Grundst\u00fcck an der Schapener Stra\u00dfe mit der k\u00fcnftigen Hausnummer 17 wurde der erste Spatenstich f\u00fcr das neue Feuerwehrhaus get\u00e4tigt.<\/p>\n<p>&nbsp;<\/p>\n<p><strong>11.09. \u2013 T\u00f6dlicher Verkehrsunfall<\/strong><\/p>\n<p>Im Bereich von L\u00fcnne kam es zu einem Verkehrsunfall, bei dem ein L\u00fcnner Kamerad t\u00f6dlich verungl\u00fcckte. Die alarmierten Kameraden der Feuerwehr Spelle \u00fcbernahmen die Bergung des Verunfallten.<\/p>\n<p>&nbsp;<\/p>\n<p><strong>25. &#8211; 27.11. \u2013 \u201eSchneechaos\u201c<\/strong><\/p>\n<p><img loading=\"lazy\" decoding=\"async\" class=\"aligncenter size-full wp-image-435\" src=\"https:\/\/www.feuerwehr-spelle.de\/cms\/wp-content\/uploads\/2019\/08\/2005-11-25.png\" alt=\"\" width=\"475\" height=\"562\" srcset=\"https:\/\/www.feuerwehr-spelle.de\/cms\/wp-content\/uploads\/2019\/08\/2005-11-25.png 475w, https:\/\/www.feuerwehr-spelle.de\/cms\/wp-content\/uploads\/2019\/08\/2005-11-25-254x300.png 254w\" sizes=\"auto, (max-width: 475px) 100vw, 475px\" \/><\/p>\n<p>Dieses Wochenende wird vielen Spellern noch gut in Erinnerung geblieben sein: Aufgrund des massiven Schneefalls knickten im Bereich der Gemeinde Spelle einige Strommasten um. Hierdurch kam es zu einem fl\u00e4chendeckenden Stromausfall in der Gemeinde. Die Speller Kameraden waren an diesem Wochenende im Dauereinsatz.<\/p>\n<p>&nbsp;<\/p>\n<p><strong>24.12. \u2013 Gewerbebrand \u201ePostenb\u00f6rse\u201c<\/strong><\/p>\n<p><img loading=\"lazy\" decoding=\"async\" class=\"aligncenter size-large wp-image-436\" src=\"https:\/\/www.feuerwehr-spelle.de\/cms\/wp-content\/uploads\/2019\/08\/2005-12-24-1024x396.png\" alt=\"\" width=\"715\" height=\"277\" srcset=\"https:\/\/www.feuerwehr-spelle.de\/cms\/wp-content\/uploads\/2019\/08\/2005-12-24-1024x396.png 1024w, https:\/\/www.feuerwehr-spelle.de\/cms\/wp-content\/uploads\/2019\/08\/2005-12-24-300x116.png 300w, https:\/\/www.feuerwehr-spelle.de\/cms\/wp-content\/uploads\/2019\/08\/2005-12-24-768x297.png 768w, https:\/\/www.feuerwehr-spelle.de\/cms\/wp-content\/uploads\/2019\/08\/2005-12-24.png 1232w\" sizes=\"auto, (max-width: 715px) 100vw, 715px\" \/><\/p>\n<p>Am Morgen des Heiligabends kam es zu einem Gro\u00dfbrand der Speller Postenb\u00f6rse. Der Markt stand auf einer Fl\u00e4che von ca. 600 Quadratmetern vollst\u00e4ndig in Flammen. Das Hauptaugenmerk bei der Brandbek\u00e4mpfung lag auf dem Schutz der angrenzenden Ladenfl\u00e4chen, welche erfolgreich gehalten werden konnten.<\/p>\n<\/div><\/div>\n<div class=\"su-spoiler su-spoiler-style-default su-spoiler-icon-plus su-spoiler-closed\" data-scroll-offset=\"0\" data-anchor-in-url=\"no\"><div class=\"su-spoiler-title\" tabindex=\"0\" role=\"button\"><span class=\"su-spoiler-icon\"><\/span>2004<\/div><div class=\"su-spoiler-content su-u-clearfix su-u-trim\">\n<p><a href=\"https:\/\/www.feuerwehr-spelle.de\/cms\/wp-content\/uploads\/2019\/04\/Jahresbericht-2004.pdf\">Jahresbericht 2004<\/a><\/p>\n<p><strong>29.09. \u2013 Verkehrsunfall am Tag der Leistungswettbewerbe<\/strong><\/p>\n<p><img loading=\"lazy\" decoding=\"async\" class=\"aligncenter size-full wp-image-432\" src=\"https:\/\/www.feuerwehr-spelle.de\/cms\/wp-content\/uploads\/2019\/08\/2002-09-29.png\" alt=\"\" width=\"877\" height=\"783\" srcset=\"https:\/\/www.feuerwehr-spelle.de\/cms\/wp-content\/uploads\/2019\/08\/2002-09-29.png 877w, https:\/\/www.feuerwehr-spelle.de\/cms\/wp-content\/uploads\/2019\/08\/2002-09-29-300x268.png 300w, https:\/\/www.feuerwehr-spelle.de\/cms\/wp-content\/uploads\/2019\/08\/2002-09-29-768x686.png 768w\" sizes=\"auto, (max-width: 877px) 100vw, 877px\" \/><\/p>\n<p>Am Tag der Leistungswettbewerbe der Feuerwehr, die alle zwei Jahre stattfinden, kam es zu einem t\u00f6dlichen Verkehrsunfall in Spelle. Ein Mann kam nach rechts von der Fahrbahn ab und prallte frontal gegen einen Baum. Durch den Aufprall wurde der Wagen in den Stra\u00dfengraben geschleudert und der Fahrer in seinem Fahrzeug eingeklemmt. Der Feuerwehrarzt Wolfgang Brinkmann konnte nur noch den Tod feststellen.<\/p>\n<\/div><\/div>\n<div class=\"su-spoiler su-spoiler-style-default su-spoiler-icon-plus su-spoiler-closed\" data-scroll-offset=\"0\" data-anchor-in-url=\"no\"><div class=\"su-spoiler-title\" tabindex=\"0\" role=\"button\"><span class=\"su-spoiler-icon\"><\/span>2003<\/div><div class=\"su-spoiler-content su-u-clearfix su-u-trim\">\n<p><a href=\"https:\/\/www.feuerwehr-spelle.de\/cms\/wp-content\/uploads\/2019\/04\/Jahresbericht-2003.pdf\">Jahresbericht 2003<\/a><\/p>\n<\/div><\/div>\n<div class=\"su-spoiler su-spoiler-style-default su-spoiler-icon-plus su-spoiler-closed\" data-scroll-offset=\"0\" data-anchor-in-url=\"no\"><div class=\"su-spoiler-title\" tabindex=\"0\" role=\"button\"><span class=\"su-spoiler-icon\"><\/span>2002<\/div><div class=\"su-spoiler-content su-u-clearfix su-u-trim\">\n<p><a href=\"https:\/\/www.feuerwehr-spelle.de\/cms\/wp-content\/uploads\/2019\/04\/Jahresbericht-2002.pdf\">Jahresbericht 2002<\/a><\/p>\n<p><strong>09.01. \u2013 T\u00f6dlicher Verkehrsunfall<\/strong><\/p>\n<p>Auf der B70 in L\u00fcnne stie\u00df ein Pkw frontal mit einem Lkw zusammen. Der Fahrer erlag noch an der Unfallstelle seinen schweren Verletzungen.<\/p>\n<p>&nbsp;<\/p>\n<p><strong>28.01. \u2013 T\u00f6dlicher Verkehrsunfall<\/strong><\/p>\n<p><img loading=\"lazy\" decoding=\"async\" class=\"aligncenter size-large wp-image-427\" src=\"https:\/\/www.feuerwehr-spelle.de\/cms\/wp-content\/uploads\/2019\/08\/2002-01-28-1024x690.png\" alt=\"\" width=\"715\" height=\"482\" srcset=\"https:\/\/www.feuerwehr-spelle.de\/cms\/wp-content\/uploads\/2019\/08\/2002-01-28-1024x690.png 1024w, https:\/\/www.feuerwehr-spelle.de\/cms\/wp-content\/uploads\/2019\/08\/2002-01-28-300x202.png 300w, https:\/\/www.feuerwehr-spelle.de\/cms\/wp-content\/uploads\/2019\/08\/2002-01-28-768x518.png 768w, https:\/\/www.feuerwehr-spelle.de\/cms\/wp-content\/uploads\/2019\/08\/2002-01-28.png 1102w\" sizes=\"auto, (max-width: 715px) 100vw, 715px\" \/><\/p>\n<p>Auf der Kreisstra\u00dfe zwischen Spelle und Beesten starb ein 18-j\u00e4hriger Mann bei einem Verkehrsunfall. Der Wagen kam nach rechts von der Fahrbahn ab und prallte mit der Fahrerseite gegen einen Baum.<\/p>\n<p>&nbsp;<\/p>\n<p><strong>26.02. \u2013 Einweihung ELW<\/strong><\/p>\n<p><img loading=\"lazy\" decoding=\"async\" class=\"aligncenter size-large wp-image-428\" src=\"https:\/\/www.feuerwehr-spelle.de\/cms\/wp-content\/uploads\/2019\/08\/2002-02-26-1024x562.png\" alt=\"\" width=\"715\" height=\"392\" srcset=\"https:\/\/www.feuerwehr-spelle.de\/cms\/wp-content\/uploads\/2019\/08\/2002-02-26-1024x562.png 1024w, https:\/\/www.feuerwehr-spelle.de\/cms\/wp-content\/uploads\/2019\/08\/2002-02-26-300x165.png 300w, https:\/\/www.feuerwehr-spelle.de\/cms\/wp-content\/uploads\/2019\/08\/2002-02-26-768x422.png 768w, https:\/\/www.feuerwehr-spelle.de\/cms\/wp-content\/uploads\/2019\/08\/2002-02-26.png 1102w\" sizes=\"auto, (max-width: 715px) 100vw, 715px\" \/><\/p>\n<p>Der mittlerweile 22 Jahre alte Einsatzleitwagen (ELW) wurde durch einen neuen und moderneren ELW abgel\u00f6st.<\/p>\n<p>&nbsp;<\/p>\n<p><strong>20.05. \u2013 T\u00f6dlicher Verkehrsunfall<\/strong><\/p>\n<p><img loading=\"lazy\" decoding=\"async\" class=\"aligncenter size-large wp-image-429\" src=\"https:\/\/www.feuerwehr-spelle.de\/cms\/wp-content\/uploads\/2019\/08\/2002-05-20-1024x694.png\" alt=\"\" width=\"715\" height=\"485\" srcset=\"https:\/\/www.feuerwehr-spelle.de\/cms\/wp-content\/uploads\/2019\/08\/2002-05-20-1024x694.png 1024w, https:\/\/www.feuerwehr-spelle.de\/cms\/wp-content\/uploads\/2019\/08\/2002-05-20-300x203.png 300w, https:\/\/www.feuerwehr-spelle.de\/cms\/wp-content\/uploads\/2019\/08\/2002-05-20-768x521.png 768w, https:\/\/www.feuerwehr-spelle.de\/cms\/wp-content\/uploads\/2019\/08\/2002-05-20.png 1099w\" sizes=\"auto, (max-width: 715px) 100vw, 715px\" \/><\/p>\n<p>Am Pfingstmontag kam auf der Kreisstra\u00dfe zwischen Spelle und Schapen ein mit drei Personen besetzter Pkw von der Stra\u00dfe ab, durchbrach einen Gartenzaun und prallte im Vorgarten eines Hauses gegen einen Baum. Die beiden Mitfahrer verstarben noch an der Unfallstelle. Die Fahrerin wurde schwer verletzt.<\/p>\n<p>&nbsp;<\/p>\n<p><strong>24.08. \u2013 Sicherung der Deiche an der Elbe<\/strong><\/p>\n<p><img loading=\"lazy\" decoding=\"async\" class=\"aligncenter size-large wp-image-430\" src=\"https:\/\/www.feuerwehr-spelle.de\/cms\/wp-content\/uploads\/2019\/08\/2002-08-24-1024x355.png\" alt=\"\" width=\"715\" height=\"248\" srcset=\"https:\/\/www.feuerwehr-spelle.de\/cms\/wp-content\/uploads\/2019\/08\/2002-08-24-1024x355.png 1024w, https:\/\/www.feuerwehr-spelle.de\/cms\/wp-content\/uploads\/2019\/08\/2002-08-24-300x104.png 300w, https:\/\/www.feuerwehr-spelle.de\/cms\/wp-content\/uploads\/2019\/08\/2002-08-24-768x266.png 768w, https:\/\/www.feuerwehr-spelle.de\/cms\/wp-content\/uploads\/2019\/08\/2002-08-24.png 1130w\" sizes=\"auto, (max-width: 715px) 100vw, 715px\" \/><\/p>\n<p>Am 24.08. wurde die Kreisbereitschaft Emsland S\u00fcd zur Sicherung der Deiche an der Elbe alarmiert. Hierzu fuhren vier Kameraden aus der Gemeinde Spelle in das Hochwassereinsatzgebiet Amt Neuhaus.<\/p>\n<p>&nbsp;<\/p>\n<p><strong>09.09. \u2013 T\u00f6dlicher Verkehrsunfall<\/strong><\/p>\n<p><img loading=\"lazy\" decoding=\"async\" class=\"aligncenter size-large wp-image-431\" src=\"https:\/\/www.feuerwehr-spelle.de\/cms\/wp-content\/uploads\/2019\/08\/2002-09-09-1024x688.png\" alt=\"\" width=\"715\" height=\"480\" srcset=\"https:\/\/www.feuerwehr-spelle.de\/cms\/wp-content\/uploads\/2019\/08\/2002-09-09-1024x688.png 1024w, https:\/\/www.feuerwehr-spelle.de\/cms\/wp-content\/uploads\/2019\/08\/2002-09-09-300x202.png 300w, https:\/\/www.feuerwehr-spelle.de\/cms\/wp-content\/uploads\/2019\/08\/2002-09-09-768x516.png 768w, https:\/\/www.feuerwehr-spelle.de\/cms\/wp-content\/uploads\/2019\/08\/2002-09-09.png 1062w\" sizes=\"auto, (max-width: 715px) 100vw, 715px\" \/><\/p>\n<p>Bei einem Unfall auf der Portlandstra\u00dfe \u00fcbersah ein Pkw-Fahrer einen vorfahrtsberechtigten Lkw. Durch den Zusammensto\u00df schleuderten beide Fahrzeuge gegen einen Baum. Der Pkw-Fahrer wurde in seinem Wagen eingeklemmt und verstarb sp\u00e4ter im Krankenhaus.<\/p>\n<\/div><\/div>\n<div class=\"su-spoiler su-spoiler-style-default su-spoiler-icon-plus su-spoiler-closed\" data-scroll-offset=\"0\" data-anchor-in-url=\"no\"><div class=\"su-spoiler-title\" tabindex=\"0\" role=\"button\"><span class=\"su-spoiler-icon\"><\/span>2001<\/div><div class=\"su-spoiler-content su-u-clearfix su-u-trim\">\n<p><a href=\"https:\/\/www.feuerwehr-spelle.de\/cms\/wp-content\/uploads\/2019\/04\/Jahresbericht-2001.pdf\">Jahresbericht 2001<\/a><\/p>\n<p><strong>14.03. \u2013 Brand W\u00f6hlehof<\/strong><\/p>\n<p><img loading=\"lazy\" decoding=\"async\" class=\"aligncenter size-large wp-image-424\" src=\"https:\/\/www.feuerwehr-spelle.de\/cms\/wp-content\/uploads\/2019\/08\/2001-03-14-1024x609.png\" alt=\"\" width=\"715\" height=\"425\" srcset=\"https:\/\/www.feuerwehr-spelle.de\/cms\/wp-content\/uploads\/2019\/08\/2001-03-14-1024x609.png 1024w, https:\/\/www.feuerwehr-spelle.de\/cms\/wp-content\/uploads\/2019\/08\/2001-03-14-300x179.png 300w, https:\/\/www.feuerwehr-spelle.de\/cms\/wp-content\/uploads\/2019\/08\/2001-03-14-768x457.png 768w, https:\/\/www.feuerwehr-spelle.de\/cms\/wp-content\/uploads\/2019\/08\/2001-03-14-184x109.png 184w, https:\/\/www.feuerwehr-spelle.de\/cms\/wp-content\/uploads\/2019\/08\/2001-03-14.png 1319w\" sizes=\"auto, (max-width: 715px) 100vw, 715px\" \/><\/p>\n<p>Als ein Kamerad der Freiwilligen Feuerwehr Spelle an diesem Tag im Bereich des alten Feuerwehrhauses am W\u00f6hlehof war, bemerkte er, dass der W\u00f6hlehof brannte. Also rief er aus dem Feuerwehrhaus die 112 an, um den Brand zu melden. Der Leitstellendisponent dachte zun\u00e4chst an einen Scherz, da es sehr ungew\u00f6hnlich ist, mit der Rufnummer der Feuerwehr Spelle die 112 zu w\u00e4hlen. Anschlie\u00dfend fuhr der Kamerad das Tankl\u00f6schfahrzeug r\u00fcckw\u00e4rts zur Einsatzstelle. Dort standen einige Rentner, darunter ehemalige Kameraden aus den Feuerwehren der Samtgemeinde Spelle. Diese ergriffen sofort ein Strahlrohr und begannen mit dem L\u00f6schen, bis die Einsatzabteilung eintraf.<\/p>\n<p>&nbsp;<\/p>\n<p><strong>12.05. \u2013 Renovierung Feuerwehrspritze<\/strong><\/p>\n<p><img loading=\"lazy\" decoding=\"async\" class=\"aligncenter size-large wp-image-425\" src=\"https:\/\/www.feuerwehr-spelle.de\/cms\/wp-content\/uploads\/2019\/08\/2001-05-12-1024x592.png\" alt=\"\" width=\"715\" height=\"413\" srcset=\"https:\/\/www.feuerwehr-spelle.de\/cms\/wp-content\/uploads\/2019\/08\/2001-05-12-1024x592.png 1024w, https:\/\/www.feuerwehr-spelle.de\/cms\/wp-content\/uploads\/2019\/08\/2001-05-12-300x173.png 300w, https:\/\/www.feuerwehr-spelle.de\/cms\/wp-content\/uploads\/2019\/08\/2001-05-12-768x444.png 768w, https:\/\/www.feuerwehr-spelle.de\/cms\/wp-content\/uploads\/2019\/08\/2001-05-12.png 1318w\" sizes=\"auto, (max-width: 715px) 100vw, 715px\" \/><\/p>\n<p style=\"text-align: center;\">v.l.n.r: Josef Meyer, Franz-Josef Rekers, Karl S\u00e4ndker, Ewald Me\u00df, Matthias Bembom,<br \/>\nHeinrich Geiger, Christian Holtk\u00f6tter, Bernd Schwis, Hermann Bembom,<br \/>\nGerd Heumann, Hermann Brinker, Wilhelm Stemmerich<\/p>\n<p>Einige Mitglieder der Einsatzabteilung sowie der Alters- und Ehrenabteilung renovierten die 110 Jahre alte Feuerwehrspritze, die an diesem Tag feierlich vorgestellt wurde.<\/p>\n<p>&nbsp;<\/p>\n<p><strong>01.08. \u2013 Junge vermisst<\/strong><\/p>\n<p>Die Einsatzkr\u00e4fte aus Spelle und Umgebung wurden alarmiert, weil ein zw\u00f6lfj\u00e4hriger Junge im Bereich eines Baggersees vermisst wurde. Es musste davon ausgegangen werden, dass der Junge im See ertrunken ist. Neben Tauchern und einer Hundestaffel waren unz\u00e4hlige Kr\u00e4fte im Einsatz, welche auch den angrenzenden Wald absuchten. Der Junge wurde sp\u00e4ter in der angrenzenden Sandgrube tot unter einem Sandh\u00fcgel aufgefunden.<\/p>\n<p>&nbsp;<\/p>\n<p><strong>06.09. \u2013 Verkehrsunfall<\/strong><\/p>\n<p><img loading=\"lazy\" decoding=\"async\" class=\"aligncenter size-full wp-image-426\" src=\"https:\/\/www.feuerwehr-spelle.de\/cms\/wp-content\/uploads\/2019\/08\/2001-09-06.png\" alt=\"\" width=\"1001\" height=\"671\" srcset=\"https:\/\/www.feuerwehr-spelle.de\/cms\/wp-content\/uploads\/2019\/08\/2001-09-06.png 1001w, https:\/\/www.feuerwehr-spelle.de\/cms\/wp-content\/uploads\/2019\/08\/2001-09-06-300x201.png 300w, https:\/\/www.feuerwehr-spelle.de\/cms\/wp-content\/uploads\/2019\/08\/2001-09-06-768x515.png 768w\" sizes=\"auto, (max-width: 1001px) 100vw, 1001px\" \/><\/p>\n<p>Auf der Brookstra\u00dfe ereignete sich ein Verkehrsunfall, bei dem eine Frau schwer verletzt wurde. Um einem Pkw auszuweichen, fuhr die Fahrerin nach rechts auf den Seitenstreifen, kam ins Schleudern und prallte mit der Beifahrerseite gegen einen Baum.<\/p>\n<\/div><\/div>\n<div class=\"su-spoiler su-spoiler-style-default su-spoiler-icon-plus su-spoiler-closed\" data-scroll-offset=\"0\" data-anchor-in-url=\"no\"><div class=\"su-spoiler-title\" tabindex=\"0\" role=\"button\"><span class=\"su-spoiler-icon\"><\/span>2000<\/div><div class=\"su-spoiler-content su-u-clearfix su-u-trim\">\n<p><a href=\"https:\/\/www.feuerwehr-spelle.de\/cms\/wp-content\/uploads\/2019\/04\/Jahresbericht-2000.pdf\">Jahresbericht 2000<\/a><\/p>\n<p><strong>02.02. \u2013 Verkehrsunfall<\/strong><\/p>\n<p><img loading=\"lazy\" decoding=\"async\" class=\"aligncenter size-large wp-image-419\" src=\"https:\/\/www.feuerwehr-spelle.de\/cms\/wp-content\/uploads\/2019\/08\/2000-02-02-1024x729.png\" alt=\"\" width=\"715\" height=\"509\" srcset=\"https:\/\/www.feuerwehr-spelle.de\/cms\/wp-content\/uploads\/2019\/08\/2000-02-02-1024x729.png 1024w, https:\/\/www.feuerwehr-spelle.de\/cms\/wp-content\/uploads\/2019\/08\/2000-02-02-300x213.png 300w, https:\/\/www.feuerwehr-spelle.de\/cms\/wp-content\/uploads\/2019\/08\/2000-02-02-768x546.png 768w, https:\/\/www.feuerwehr-spelle.de\/cms\/wp-content\/uploads\/2019\/08\/2000-02-02.png 1071w\" sizes=\"auto, (max-width: 715px) 100vw, 715px\" \/><\/p>\n<p>Bei einem Verkehrsunfall zwischen Beesten und Spelle wurde eine Frau schwer verletzt. Der Fahrer eines M\u00fcllwagens \u00fcbersah beim Abbiegen vermutlich den Pkw, der zum \u00dcberholvorgang angesetzt hatte. Die Frau musste mit schwerem Ger\u00e4t aus dem Pkw befreit werden.<\/p>\n<p>&nbsp;<\/p>\n<p><strong>10.07. \u2013 T\u00f6dlicher Verkehrsunfall<\/strong><\/p>\n<p><img loading=\"lazy\" decoding=\"async\" class=\"aligncenter size-large wp-image-420\" src=\"https:\/\/www.feuerwehr-spelle.de\/cms\/wp-content\/uploads\/2019\/08\/2000-07-10-1024x711.png\" alt=\"\" width=\"715\" height=\"496\" srcset=\"https:\/\/www.feuerwehr-spelle.de\/cms\/wp-content\/uploads\/2019\/08\/2000-07-10-1024x711.png 1024w, https:\/\/www.feuerwehr-spelle.de\/cms\/wp-content\/uploads\/2019\/08\/2000-07-10-300x208.png 300w, https:\/\/www.feuerwehr-spelle.de\/cms\/wp-content\/uploads\/2019\/08\/2000-07-10-768x533.png 768w, https:\/\/www.feuerwehr-spelle.de\/cms\/wp-content\/uploads\/2019\/08\/2000-07-10.png 1070w\" sizes=\"auto, (max-width: 715px) 100vw, 715px\" \/><\/p>\n<p>Auf der B70 in H\u00f6he Venhaus kam es zu einem schweren Verkehrsunfall, bei dem ein 23-j\u00e4hriger Mann t\u00f6dlich verletzt wurde. Der Fahrer hatte auf der Br\u00fccke \u00fcber den Dortmund-Ems-Kanal zum \u00dcberholen ausgeschert und war dann mit einem Lkw zusammengesto\u00dfen. Der mit Baustahl beladene Lkw kippte durch den Zusammenprall um und rutschte die sechs Meter tiefe B\u00f6schung<br \/>\nhinunter.<\/p>\n<p>&nbsp;<\/p>\n<p><strong>19.07. \u2013 Feuerwehrarzt<\/strong><\/p>\n<p>Als neuer Feuerwehrarzt unterst\u00fctzt Wolfgang Brinkmann die Feuerwehren der Samtgemeinde Spelle. Er ist mit einem Funkmeldeempf\u00e4nger ausgestattet und wird bei Bedarf direkt mitalarmiert.<\/p>\n<p>&nbsp;<\/p>\n<p><strong>12.08. \u2013 Wohnungsbrand Marienstra\u00dfe<\/strong><\/p>\n<p><img loading=\"lazy\" decoding=\"async\" class=\"aligncenter size-full wp-image-421\" src=\"https:\/\/www.feuerwehr-spelle.de\/cms\/wp-content\/uploads\/2019\/08\/2000-08-12.png\" alt=\"\" width=\"911\" height=\"690\" srcset=\"https:\/\/www.feuerwehr-spelle.de\/cms\/wp-content\/uploads\/2019\/08\/2000-08-12.png 911w, https:\/\/www.feuerwehr-spelle.de\/cms\/wp-content\/uploads\/2019\/08\/2000-08-12-300x227.png 300w, https:\/\/www.feuerwehr-spelle.de\/cms\/wp-content\/uploads\/2019\/08\/2000-08-12-768x582.png 768w\" sizes=\"auto, (max-width: 911px) 100vw, 911px\" \/><\/p>\n<p>In der Marienstra\u00dfe kam es zu einem Wohnungsbrand. Das Treppenhaus und somit auch der Fluchtweg wurde durch das Feuer stark verqualmt. Trotz des z\u00fcgigen und beherzten Eingreifens der Nachbarn und der Feuerwehr, die versuchten mit Leitern einen weiteren Fluchtweg zu schaffen, kam f\u00fcr einen Jungen jede Hilfe zu sp\u00e4t.<\/p>\n<p>&nbsp;<\/p>\n<p><strong>04.09. \u2013 Verkehrsunfall B70<\/strong><\/p>\n<p><img loading=\"lazy\" decoding=\"async\" class=\"aligncenter size-full wp-image-422\" src=\"https:\/\/www.feuerwehr-spelle.de\/cms\/wp-content\/uploads\/2019\/08\/2000-09-04.png\" alt=\"\" width=\"805\" height=\"630\" srcset=\"https:\/\/www.feuerwehr-spelle.de\/cms\/wp-content\/uploads\/2019\/08\/2000-09-04.png 805w, https:\/\/www.feuerwehr-spelle.de\/cms\/wp-content\/uploads\/2019\/08\/2000-09-04-300x235.png 300w, https:\/\/www.feuerwehr-spelle.de\/cms\/wp-content\/uploads\/2019\/08\/2000-09-04-768x601.png 768w\" sizes=\"auto, (max-width: 805px) 100vw, 805px\" \/><\/p>\n<p>Auf der B70 kam es zu einem Verkehrsunfall mit zwei Lkws und einem Pkw. Durch die blockierten Bremsen eines Lkw konnten die Fahrzeuge nur durch Zusammenarbeit des R\u00fcstwagens aus Spelle, des ebenfalls alarmierten R\u00fcstwagens aus Salzbergen und des Abschleppwagens auseinander gezogen werden. Aufgrund der gut gesicherten Ladung des aufgefahrenen Lkw konnte ein gr\u00f6\u00dferer Personenschaden abgewendet werden.<\/p>\n<p>&nbsp;<\/p>\n<p><strong>04.11. \u2013 T\u00f6dlicher Verkehrsunfall<\/strong><\/p>\n<p>Auf der Portlandstra\u00dfe\/L\u00f6chteweg kam es zu einem t\u00f6dlichen Verkehrsunfall. Ein Pkw-Fahrer \u00fcbersah beim \u00dcberqueren der Stra\u00dfe einen von rechts kommenden Lkw. Beide Fahrzeuge kollidierten miteinander, wobei der Pkw-Fahrer t\u00f6dlich verungl\u00fcckte. An der Einsatzstelle stellte sich heraus, dass der Verunfallte ein Kamerad der Freiwilligen Feuerwehr Spelle war, was f\u00fcr die Einsatzkr\u00e4fte eine zus\u00e4tzliche Belastung darstellte.<\/p>\n<p>&nbsp;<\/p>\n<p><strong>14.12. \u2013 T\u00f6dlicher Verkehrsunfall B70<\/strong><\/p>\n<p><img loading=\"lazy\" decoding=\"async\" class=\"aligncenter size-large wp-image-423\" src=\"https:\/\/www.feuerwehr-spelle.de\/cms\/wp-content\/uploads\/2019\/08\/2000-12-14-1024x627.png\" alt=\"\" width=\"715\" height=\"438\" srcset=\"https:\/\/www.feuerwehr-spelle.de\/cms\/wp-content\/uploads\/2019\/08\/2000-12-14-1024x627.png 1024w, https:\/\/www.feuerwehr-spelle.de\/cms\/wp-content\/uploads\/2019\/08\/2000-12-14-300x184.png 300w, https:\/\/www.feuerwehr-spelle.de\/cms\/wp-content\/uploads\/2019\/08\/2000-12-14-768x470.png 768w, https:\/\/www.feuerwehr-spelle.de\/cms\/wp-content\/uploads\/2019\/08\/2000-12-14.png 1324w\" sizes=\"auto, (max-width: 715px) 100vw, 715px\" \/><\/p>\n<p>Auf der B70 in H\u00f6he Spelle-Venhaus kam es zu einem Verkehrsunfall mit t\u00f6dlichem Ausgang. Zwei M\u00e4nner, die in Richtung Rheine unterwegs waren, verloren in einer Linkskurve die Kontrolle \u00fcber ihren Pkw und prallten gegen einen Baum. Beide Insassen konnten nur noch tot aus dem Pkw geborgen werden.<\/p>\n<\/div><\/div>\n<div class=\"su-spoiler su-spoiler-style-default su-spoiler-icon-plus su-spoiler-closed\" data-scroll-offset=\"0\" data-anchor-in-url=\"no\"><div class=\"su-spoiler-title\" tabindex=\"0\" role=\"button\"><span class=\"su-spoiler-icon\"><\/span>1999<\/div><div class=\"su-spoiler-content su-u-clearfix su-u-trim\">\n<p><a href=\"https:\/\/www.feuerwehr-spelle.de\/cms\/wp-content\/uploads\/2019\/04\/Jahresbericht-1999.pdf\">Jahresbericht 1999<\/a><\/p>\n<p><strong>03.03. \u2013 Geb\u00e4udebrand<\/strong><br \/>\nAn der Wiesenstra\u00dfe brannte ein Wohnhaus bis auf die Grundmauern nieder. Die L\u00f6scharbeiten gestalteten sich schwierig, da die Gasleitung durchgebrannt war und sich das ausstr\u00f6mende Gas entz\u00fcndet hatte. Weil der Zugang zum Geb\u00e4ude nicht passiert werden konnte, musste die Feuerwehr die Zuleitung auf dem Hof freilegen. Mit einer Spezialklemme wurde die Gaszufuhr unterbrochen.<\/p>\n<p>&nbsp;<\/p>\n<p><strong>20.03. \u2013 Einweihung Tankl\u00f6schfahrzeug (TLF 16\/25)<\/strong><\/p>\n<p><img loading=\"lazy\" decoding=\"async\" class=\"aligncenter size-large wp-image-409\" src=\"https:\/\/www.feuerwehr-spelle.de\/cms\/wp-content\/uploads\/2019\/07\/Einweihung-TLF-1024x645.png\" alt=\"\" width=\"715\" height=\"450\" srcset=\"https:\/\/www.feuerwehr-spelle.de\/cms\/wp-content\/uploads\/2019\/07\/Einweihung-TLF-1024x645.png 1024w, https:\/\/www.feuerwehr-spelle.de\/cms\/wp-content\/uploads\/2019\/07\/Einweihung-TLF-300x189.png 300w, https:\/\/www.feuerwehr-spelle.de\/cms\/wp-content\/uploads\/2019\/07\/Einweihung-TLF-768x484.png 768w, https:\/\/www.feuerwehr-spelle.de\/cms\/wp-content\/uploads\/2019\/07\/Einweihung-TLF-115x73.png 115w, https:\/\/www.feuerwehr-spelle.de\/cms\/wp-content\/uploads\/2019\/07\/Einweihung-TLF.png 1219w\" sizes=\"auto, (max-width: 715px) 100vw, 715px\" \/><\/p>\n<p>Das neue Tankl\u00f6schfahrzeug (TLF 16\/25) wurde eingeweiht und offiziell in Dienst gestellt. Es ersetzt das nunmehr fast 30 Jahre alte Tankl\u00f6schfahrzeug TLF16 und erh\u00f6ht somit die Schlagkraft der Feuerwehr Spelle.<\/p>\n<p>&nbsp;<\/p>\n<p><strong>02.04. \u2013 Fl\u00e4chenbrand<\/strong><br \/>\nIm Bereich der Speller Dose (Moorlehrpfad) kam es zu einem Fl\u00e4chenbrand. Durch lang anhaltende Trockenheit konnte sich der Brand rasch entwickeln. Das schnelle Eingreifen der Feuerwehr verhinderte einen gr\u00f6\u00dferen Schaden.<\/p>\n<p>&nbsp;<\/p>\n<p><strong>16.06. \u2013 Tradition verbindet<\/strong><\/p>\n<p><img loading=\"lazy\" decoding=\"async\" class=\"aligncenter size-large wp-image-410\" src=\"https:\/\/www.feuerwehr-spelle.de\/cms\/wp-content\/uploads\/2019\/07\/Tradition-verbindet-1024x534.png\" alt=\"\" width=\"715\" height=\"373\" srcset=\"https:\/\/www.feuerwehr-spelle.de\/cms\/wp-content\/uploads\/2019\/07\/Tradition-verbindet-1024x534.png 1024w, https:\/\/www.feuerwehr-spelle.de\/cms\/wp-content\/uploads\/2019\/07\/Tradition-verbindet-300x156.png 300w, https:\/\/www.feuerwehr-spelle.de\/cms\/wp-content\/uploads\/2019\/07\/Tradition-verbindet-768x401.png 768w, https:\/\/www.feuerwehr-spelle.de\/cms\/wp-content\/uploads\/2019\/07\/Tradition-verbindet.png 1342w\" sizes=\"auto, (max-width: 715px) 100vw, 715px\" \/><\/p>\n<p>Tradition verbindet: Unter diesem Motto fuhren die Speller Kameraden mit einer Draisine \u00fcber die alten Bahnschienen von Spelle nach Beesten. Neben den j\u00e4hrlichen Kameradschaftstreffen wird durch solche Aktionen die Freundschaft beider Wehren gest\u00e4rkt, die seit dem Kirchenbrand 1897 besteht.<\/p>\n<p>&nbsp;<\/p>\n<p><strong>19.07. \u2013 Fl\u00e4chenbr\u00e4nde<\/strong><br \/>\nAufgrund von erneuter Trockenheit kam es zu zwei weiteren Fl\u00e4chenbr\u00e4nden in der<br \/>\nSamtgemeinde, die direkt aufeinander folgten.<\/p>\n<p>&nbsp;<\/p>\n<p><strong>11.12. \u2013 Verkehrsunfall Beestener Stra\u00dfe<\/strong><\/p>\n<p><img loading=\"lazy\" decoding=\"async\" class=\"aligncenter size-large wp-image-411\" src=\"https:\/\/www.feuerwehr-spelle.de\/cms\/wp-content\/uploads\/2019\/07\/VU_Beestenerstrasse-1024x692.png\" alt=\"\" width=\"715\" height=\"483\" srcset=\"https:\/\/www.feuerwehr-spelle.de\/cms\/wp-content\/uploads\/2019\/07\/VU_Beestenerstrasse-1024x692.png 1024w, https:\/\/www.feuerwehr-spelle.de\/cms\/wp-content\/uploads\/2019\/07\/VU_Beestenerstrasse-300x203.png 300w, https:\/\/www.feuerwehr-spelle.de\/cms\/wp-content\/uploads\/2019\/07\/VU_Beestenerstrasse-768x519.png 768w, https:\/\/www.feuerwehr-spelle.de\/cms\/wp-content\/uploads\/2019\/07\/VU_Beestenerstrasse.png 1102w\" sizes=\"auto, (max-width: 715px) 100vw, 715px\" \/><br \/>\nAuf der Beestener Stra\u00dfe ereignete sich in einer langgezogenen Rechtskurve ein Verkehrsunfall mit einem voll besetzten Pkw. Der Fahrer kam von der Stra\u00dfe ab und \u00fcberschlug sich im Seitenraum. Die Feuerwehr befreite die Personen mit schwerem Ger\u00e4t.<\/p>\n<\/div><\/div>\n<div class=\"su-spoiler su-spoiler-style-default su-spoiler-icon-plus su-spoiler-closed\" data-scroll-offset=\"0\" data-anchor-in-url=\"no\"><div class=\"su-spoiler-title\" tabindex=\"0\" role=\"button\"><span class=\"su-spoiler-icon\"><\/span>1998<\/div><div class=\"su-spoiler-content su-u-clearfix su-u-trim\">\n<p><a href=\"https:\/\/www.feuerwehr-spelle.de\/cms\/wp-content\/uploads\/2019\/04\/Jahresbericht-1998.pdf\">Jahresbericht 1998<\/a><\/p>\n<p><strong>03.02. \u2013 Wohnungsbrand Markelo-Platz<\/strong><\/p>\n<p><img loading=\"lazy\" decoding=\"async\" class=\"aligncenter size-large wp-image-405\" src=\"https:\/\/www.feuerwehr-spelle.de\/cms\/wp-content\/uploads\/2019\/07\/1998-02-1024x653.png\" alt=\"\" width=\"715\" height=\"456\" srcset=\"https:\/\/www.feuerwehr-spelle.de\/cms\/wp-content\/uploads\/2019\/07\/1998-02-1024x653.png 1024w, https:\/\/www.feuerwehr-spelle.de\/cms\/wp-content\/uploads\/2019\/07\/1998-02-300x191.png 300w, https:\/\/www.feuerwehr-spelle.de\/cms\/wp-content\/uploads\/2019\/07\/1998-02-768x490.png 768w, https:\/\/www.feuerwehr-spelle.de\/cms\/wp-content\/uploads\/2019\/07\/1998-02-115x73.png 115w, https:\/\/www.feuerwehr-spelle.de\/cms\/wp-content\/uploads\/2019\/07\/1998-02.png 1156w\" sizes=\"auto, (max-width: 715px) 100vw, 715px\" \/><br \/>\nAm Markelo-Platz kam es zu einem Wohnungsbrand. Bei der Anfahrt der Feuerwehr waren die Anlieger zun\u00e4chst \u00fcberrascht, da der Einsatzleitwagen (ELW) am Einsatzort vorbeifuhr, obwohl der Brand klar zu erkennen war. Dieses Vorgehen hatte aber den bereits erw\u00e4hnten Hintergrund, dass die Anh\u00e4ngerleiter (AL18) erst von der Firma Krone geholt werden musste.<\/p>\n<p>&nbsp;<\/p>\n<p><strong>13.04. \u2013 Wohnungsbrand DRK-Heim<\/strong><\/p>\n<p><img loading=\"lazy\" decoding=\"async\" class=\"aligncenter size-large wp-image-406\" src=\"https:\/\/www.feuerwehr-spelle.de\/cms\/wp-content\/uploads\/2019\/07\/1998-04-13-DRK-Heim-Brand_2-1024x797.jpg\" alt=\"\" width=\"715\" height=\"556\" srcset=\"https:\/\/www.feuerwehr-spelle.de\/cms\/wp-content\/uploads\/2019\/07\/1998-04-13-DRK-Heim-Brand_2-1024x797.jpg 1024w, https:\/\/www.feuerwehr-spelle.de\/cms\/wp-content\/uploads\/2019\/07\/1998-04-13-DRK-Heim-Brand_2-300x233.jpg 300w, https:\/\/www.feuerwehr-spelle.de\/cms\/wp-content\/uploads\/2019\/07\/1998-04-13-DRK-Heim-Brand_2-768x597.jpg 768w, https:\/\/www.feuerwehr-spelle.de\/cms\/wp-content\/uploads\/2019\/07\/1998-04-13-DRK-Heim-Brand_2.jpg 1207w\" sizes=\"auto, (max-width: 715px) 100vw, 715px\" \/><br \/>\nGegen\u00fcber des Feuerwehrhauses kam es oberhalb des DRK-Heims aufgrund von brennenden Altkleidern zu einem Wohnungsbrand. Durch die unmittelbare N\u00e4he des Feuerwehrhauses konnte die dort lebende Familie schnell gerettet werden.<\/p>\n<p>&nbsp;<\/p>\n<p><strong>28.10. \u2013 Keller lenzen<\/strong><\/p>\n<p><img loading=\"lazy\" decoding=\"async\" class=\"aligncenter size-large wp-image-408\" src=\"https:\/\/www.feuerwehr-spelle.de\/cms\/wp-content\/uploads\/2019\/07\/Keller-lenzen.png\" alt=\"\" width=\"599\" height=\"761\" srcset=\"https:\/\/www.feuerwehr-spelle.de\/cms\/wp-content\/uploads\/2019\/07\/Keller-lenzen.png 599w, https:\/\/www.feuerwehr-spelle.de\/cms\/wp-content\/uploads\/2019\/07\/Keller-lenzen-236x300.png 236w\" sizes=\"auto, (max-width: 599px) 100vw, 599px\" \/><br \/>\nNach ergiebigen Regenf\u00e4llen kam es in der Gemeinde Spelle zu einem langwierigen Einsatz der Feuerwehr, bei dem viele Keller leergepumpt werden mussten. Insgesamt waren die Kameraden bei diesem Einsatz von 04:30 bis 23:30 Uhr, also 19 Stunden, im Einsatz.<\/p>\n<p>&nbsp;<\/p>\n<p><strong>21.12. \u2013 Ankunft Tankl\u00f6schfahrzeug (TLF 16\/25)<\/strong><br \/>\nNach langem Warten kam im Jahr 1998 das neue Tankl\u00f6schfahrzeug (TLF 16\/25) in Spelle an. In diesem Fall bezog sich das lange Warten jedoch nicht auf den Bestellvorgang, sondern auf die \u00dcberf\u00fchrungsfahrt. Aufgrund von extremer Stra\u00dfengl\u00e4tte verz\u00f6gerte sich die \u00dcberf\u00fchrung des Fahrzeugs um etliche Stunden.<\/p>\n<\/div><\/div>\n<div class=\"su-spoiler su-spoiler-style-default su-spoiler-icon-plus su-spoiler-closed\" data-scroll-offset=\"0\" data-anchor-in-url=\"no\"><div class=\"su-spoiler-title\" tabindex=\"0\" role=\"button\"><span class=\"su-spoiler-icon\"><\/span>1997<\/div><div class=\"su-spoiler-content su-u-clearfix su-u-trim\">\n<p><a href=\"https:\/\/www.feuerwehr-spelle.de\/cms\/wp-content\/uploads\/2019\/04\/Jahresbericht-1997.pdf\">Jahresbericht 1997<\/a><\/p>\n<p><strong>19.03. \u2013 T\u00f6dlicher Verkehrsunfall B70<\/strong><\/p>\n<p><img loading=\"lazy\" decoding=\"async\" class=\"aligncenter wp-image-397 size-full\" src=\"https:\/\/www.feuerwehr-spelle.de\/cms\/wp-content\/uploads\/2019\/07\/1996-03.png\" alt=\"\" width=\"652\" height=\"662\" srcset=\"https:\/\/www.feuerwehr-spelle.de\/cms\/wp-content\/uploads\/2019\/07\/1996-03.png 652w, https:\/\/www.feuerwehr-spelle.de\/cms\/wp-content\/uploads\/2019\/07\/1996-03-295x300.png 295w\" sizes=\"auto, (max-width: 652px) 100vw, 652px\" \/><\/p>\n<p>Auf der B70 in H\u00f6he des Hafens kam es zu einem t\u00f6dlichen Verkehrsunfall. Ein BMW-Fahrer geriet mit seinem Fahrzeug auf die Gegenfahrbahn und prallte frontal mit einem Sattelzug zusammen. Der Autofahrer konnte nur noch tot aus dem Wrack geborgen werden.<\/p>\n<p>&nbsp;<\/p>\n<p><strong>27.03. \u2013 Brand Gasleitung<\/strong><\/p>\n<p><img loading=\"lazy\" decoding=\"async\" class=\"aligncenter size-full wp-image-399\" src=\"https:\/\/www.feuerwehr-spelle.de\/cms\/wp-content\/uploads\/2019\/07\/1996-03-27.png\" alt=\"\" width=\"816\" height=\"821\" srcset=\"https:\/\/www.feuerwehr-spelle.de\/cms\/wp-content\/uploads\/2019\/07\/1996-03-27.png 816w, https:\/\/www.feuerwehr-spelle.de\/cms\/wp-content\/uploads\/2019\/07\/1996-03-27-150x150.png 150w, https:\/\/www.feuerwehr-spelle.de\/cms\/wp-content\/uploads\/2019\/07\/1996-03-27-298x300.png 298w, https:\/\/www.feuerwehr-spelle.de\/cms\/wp-content\/uploads\/2019\/07\/1996-03-27-768x773.png 768w, https:\/\/www.feuerwehr-spelle.de\/cms\/wp-content\/uploads\/2019\/07\/1996-03-27-215x215.png 215w\" sizes=\"auto, (max-width: 816px) 100vw, 816px\" \/><\/p>\n<p>Bei Arbeiten in direkter N\u00e4he zu einer Gasleitung kam es zu einem Unfall, bei dem die Gasleitung besch\u00e4digt wurde und sich das ausstr\u00f6mende Gas entz\u00fcndete. Zusammen mit einem Mitarbeiter des Gasversorgers konnte der Brand unter Kontrolle gebracht werden. Durch die enorme Hitzestrahlung wurde die anliegende Stra\u00dfe so stark besch\u00e4digt, dass sie nach dem Brand erneuert werden musste. Besondere Brisanz hatte der Einsatz durch die unmittelbare N\u00e4he zu einer Tankstelle.<\/p>\n<p>&nbsp;<\/p>\n<p><strong>26.06.\u2013 Besuch Landesfeuerwehrschule<\/strong><\/p>\n<p><img loading=\"lazy\" decoding=\"async\" class=\"aligncenter size-large wp-image-401\" src=\"https:\/\/www.feuerwehr-spelle.de\/cms\/wp-content\/uploads\/2019\/07\/1996-06-1024x666.png\" alt=\"\" width=\"715\" height=\"465\" srcset=\"https:\/\/www.feuerwehr-spelle.de\/cms\/wp-content\/uploads\/2019\/07\/1996-06-1024x666.png 1024w, https:\/\/www.feuerwehr-spelle.de\/cms\/wp-content\/uploads\/2019\/07\/1996-06-300x195.png 300w, https:\/\/www.feuerwehr-spelle.de\/cms\/wp-content\/uploads\/2019\/07\/1996-06-768x500.png 768w, https:\/\/www.feuerwehr-spelle.de\/cms\/wp-content\/uploads\/2019\/07\/1996-06.png 1108w\" sizes=\"auto, (max-width: 715px) 100vw, 715px\" \/><\/p>\n<p>In Verbindung mit einem Besuch in der Landesfeuerwehrschule Loy (heute: NABK- Nieders\u00e4chsische Akademie f\u00fcr Brandund Katastrophenschutz) hat der Kamerad Karl-Heinz Roelfes als Geschenk ein Holzschild mit der Aufschrift \u201eWenn Sie trinken um zu vergessen, bitte ich Sie sofort zu zahlen.\u201c mitgebracht. Dieses stie\u00df auf eine so positive Resonanz, dass er gebeten wurde, ein weiteres Schild f\u00fcr die Klause zu fertigen. Daher stellte er kurzerhand ein Schild mit der Aufschrift \u201eSt. Florians Quelle\u201c her, welches einige Kameraden aus Spelle mit ihm zusammen nach Loy brachten. Noch heute zieren die Schilder die dortige St. Florians Quelle.<\/p>\n<p>&nbsp;<\/p>\n<p><strong>02.07. \u2013 \u00dcbung Wohnungsbrand Markelo-Platz<\/strong><\/p>\n<p>Bei einer \u00dcbung eines Wohnungsbrandes am Markelo-Platz wurde neben der Feuerwehr Spelle die Drehleiter (DL) aus Salzbergen alarmiert. Die Feuerwehr Spelle verf\u00fcgte zu dieser Zeit noch nicht \u00fcber eine eigene Drehleiter, sondern durfte dankenswerterweise auf die Anh\u00e4ngerleiter (AL18) der Firma Krone zur\u00fcckgreifen. Diese musste jedoch bei einem Einsatz zuerst geholt werden, sodass bei dieser \u00dcbung die Kameraden aus Salzbergen schneller am Einsatzort eintrafen. Diese \u00dcbung war mitunter die Best\u00e4tigung daf\u00fcr, dass die Feuerwehr Spelle eine eigene Drehleiter ben\u00f6tigt.<\/p>\n<p>&nbsp;<\/p>\n<p><strong>03.07. \u2013 100 Jahre Kirchenbrand Beesten<\/strong><\/p>\n<p><img loading=\"lazy\" decoding=\"async\" class=\"aligncenter size-full wp-image-402\" src=\"https:\/\/www.feuerwehr-spelle.de\/cms\/wp-content\/uploads\/2019\/07\/1997-07.png\" alt=\"\" width=\"803\" height=\"612\" srcset=\"https:\/\/www.feuerwehr-spelle.de\/cms\/wp-content\/uploads\/2019\/07\/1997-07.png 803w, https:\/\/www.feuerwehr-spelle.de\/cms\/wp-content\/uploads\/2019\/07\/1997-07-300x229.png 300w, https:\/\/www.feuerwehr-spelle.de\/cms\/wp-content\/uploads\/2019\/07\/1997-07-768x585.png 768w\" sizes=\"auto, (max-width: 803px) 100vw, 803px\" \/><\/p>\n<p>Im Jahre 1997 j\u00e4hrte sich zum 100. Mal der Kirchenbrand in Beesten, bei welchem die damaligen Kameraden aus Spelle mit ihrer Handdruckspritze der Wehr aus Beesten zur Hilfe eilten. Bei Feierlichkeiten wurde an dieses Ereignis und die sich daraus entwickelte Freundschaft zur\u00fcckgedacht.<\/p>\n<p>&nbsp;<\/p>\n<p><strong>23.08. &#8211; 24.08. \u2013 75 Jahre L\u00f6schzug Balve<\/strong><\/p>\n<p>Der befreundete L\u00f6schzug Balve im Sauerland feierte im Jahre 1997 sein 75-j\u00e4hriges Bestehen, wozu auch die Feuerwehr Spelle eingeladen wurde. Als Geschenk wurde eine Rotbuche mitgebracht, welche direkt vor Ort von der Freiwilligen Feuerwehr Spelle eingepflanzt wurde und noch heute das Feuerwehrhaus in Balve ziert.<\/p>\n<p>&nbsp;<\/p>\n<p><strong>01.09. \u2013 Piranhas im Baggerloch<\/strong><\/p>\n<p>In Venhaus wurden in einem Baggerloch Piranhas gesichtet. \u00dcber diese \u201eSensation\u201c wurde seinerzeit sogar im Radio und in der Bild-Zeitung berichtet. Es stellte sich jedoch heraus, dass es sich bei den \u201ePiranhas\u201c um eine ungef\u00e4hrliche Zierfischart handelte, die im Baggerloch ausgesetzt wurde.<\/p>\n<\/div><\/div>\n<div class=\"su-spoiler su-spoiler-style-default su-spoiler-icon-plus su-spoiler-closed\" data-scroll-offset=\"0\" data-anchor-in-url=\"no\"><div class=\"su-spoiler-title\" tabindex=\"0\" role=\"button\"><span class=\"su-spoiler-icon\"><\/span>1996<\/div><div class=\"su-spoiler-content su-u-clearfix su-u-trim\">\n<p><a href=\"https:\/\/www.feuerwehr-spelle.de\/cms\/wp-content\/uploads\/2019\/07\/Jahresbericht-1996.pdf\">Jahresbericht 1996<\/a><\/p>\n<\/div><\/div>\n<div class=\"su-spoiler su-spoiler-style-default su-spoiler-icon-plus su-spoiler-closed\" data-scroll-offset=\"0\" data-anchor-in-url=\"no\"><div class=\"su-spoiler-title\" tabindex=\"0\" role=\"button\"><span class=\"su-spoiler-icon\"><\/span>1995<\/div><div class=\"su-spoiler-content su-u-clearfix su-u-trim\">\n<p><a href=\"https:\/\/www.feuerwehr-spelle.de\/cms\/wp-content\/uploads\/2019\/04\/Jahresbericht-1995.pdf\">Jahresbericht 1995<\/a><\/p>\n<p><strong>06.05. \u2013 Erst Brand, dann Brand<\/strong><\/p>\n<p><img loading=\"lazy\" decoding=\"async\" class=\"size-full wp-image-365 aligncenter\" src=\"https:\/\/www.feuerwehr-spelle.de\/cms\/wp-content\/uploads\/2019\/05\/1995_1.png\" alt=\"\" width=\"232\" height=\"152\" \/> <img loading=\"lazy\" decoding=\"async\" class=\"size-large wp-image-366 aligncenter\" src=\"https:\/\/www.feuerwehr-spelle.de\/cms\/wp-content\/uploads\/2019\/05\/1995_2.png\" alt=\"\" width=\"232\" height=\"153\" \/><\/p>\n<p>Es kam in der Gastst\u00e4tte Sasse zu einem Friteusenbrand. Nachdem dieser Brand abgel\u00f6scht war, widmeten sich die Kameraden der zweiten Brandstelle.<\/p>\n<\/div><\/div>\n<div class=\"su-spoiler su-spoiler-style-default su-spoiler-icon-plus su-spoiler-closed\" data-scroll-offset=\"0\" data-anchor-in-url=\"no\"><div class=\"su-spoiler-title\" tabindex=\"0\" role=\"button\"><span class=\"su-spoiler-icon\"><\/span>1994<\/div><div class=\"su-spoiler-content su-u-clearfix su-u-trim\">\n<p><strong>04.11. \u2013 Kranunfall<\/strong><\/p>\n<p><img loading=\"lazy\" decoding=\"async\" class=\"alignnone size-full wp-image-362 aligncenter\" src=\"https:\/\/www.feuerwehr-spelle.de\/cms\/wp-content\/uploads\/2019\/05\/1994-11.png\" alt=\"\" width=\"292\" height=\"431\" srcset=\"https:\/\/www.feuerwehr-spelle.de\/cms\/wp-content\/uploads\/2019\/05\/1994-11.png 292w, https:\/\/www.feuerwehr-spelle.de\/cms\/wp-content\/uploads\/2019\/05\/1994-11-203x300.png 203w\" sizes=\"auto, (max-width: 292px) 100vw, 292px\" \/><\/p>\n<p>Im Bereich des Kinderspielplatzes am Lienk\u00e4mper kam es zu einem Kranunfall, bei dem ein Kind ums Leben kam. Bei Baumarbeiten kippte ein Autokran um und Teile des Krans trafen das Kind.<\/p>\n<p>&nbsp;<\/p>\n<p><strong>15.07. \u2013 Gro\u00dfbrand auf Bauernhof<\/strong><br \/>\nIn L\u00fcnne kam es nach einem Blitzeinschlag in ein Wirtschaftsgeb\u00e4ude eines landwirtschaftlichen Anwesens zu einem Gro\u00dfbrand. Die Feuerwehren L\u00fcnne, Beesten, Bramsche, Lingen und Spelle l\u00f6schten den Brand, dem viele Rinder und Schweine zum Opfer fielen.<\/p>\n<\/div><\/div>\n<div class=\"su-spoiler su-spoiler-style-default su-spoiler-icon-plus su-spoiler-closed\" data-scroll-offset=\"0\" data-anchor-in-url=\"no\"><div class=\"su-spoiler-title\" tabindex=\"0\" role=\"button\"><span class=\"su-spoiler-icon\"><\/span>1992 - 1832<\/div><div class=\"su-spoiler-content su-u-clearfix su-u-trim\">\n<h4><strong>1992<\/strong><\/h4>\n<p><strong>21.03. \u2013 Verkehrsunfall B70<\/strong><\/p>\n<p><img loading=\"lazy\" decoding=\"async\" class=\"aligncenter wp-image-345 size-full\" src=\"https:\/\/www.feuerwehr-spelle.de\/cms\/wp-content\/uploads\/2019\/05\/1992-03.png\" alt=\"\" width=\"480\" height=\"315\" srcset=\"https:\/\/www.feuerwehr-spelle.de\/cms\/wp-content\/uploads\/2019\/05\/1992-03.png 480w, https:\/\/www.feuerwehr-spelle.de\/cms\/wp-content\/uploads\/2019\/05\/1992-03-300x197.png 300w\" sizes=\"auto, (max-width: 480px) 100vw, 480px\" \/><br \/>\nAuf der B70 in H\u00f6he der Abfahrt zur Schleuse kam es zu einem Verkehrsunfall mit einer eingeklemmten Person. Ein Pkw-Fahrer wollte zur Venhauser Schleuse abbiegen und \u00fcbersah dabei einen ihm entgegenkommenden Pkw.<\/p>\n<p>&nbsp;<\/p>\n<p><strong>07.07. \u2013 Verkehrsunfall mit t\u00f6dlichem Ausgang<\/strong><\/p>\n<p><img loading=\"lazy\" decoding=\"async\" class=\"alignnone size-full wp-image-348 aligncenter\" src=\"https:\/\/www.feuerwehr-spelle.de\/cms\/wp-content\/uploads\/2019\/05\/1992-07.png\" alt=\"\" width=\"232\" height=\"167\" \/><br \/>\nGegen Mittag wurden die Freiwilligen Feuerwehren Spelle, Beesten und Freren zu einem Verkehrsunfall gerufen, bei dem zwei Autos zwischen Spelle und Beesten frontal zusammenstie\u00dfen. Zwei eingeklemmte Unfallopfer mussten von den Feuerwehren mit schwerem Ger\u00e4t befreit werden. Ein Unfallopfer verstarb wenige Stunden sp\u00e4ter im Krankenhaus.<\/p>\n<p>&nbsp;<\/p>\n<p><strong>06.08. \u2013 Verkehrsunfall mit t\u00f6dlichem Ausgang<\/strong><\/p>\n<p><img loading=\"lazy\" decoding=\"async\" class=\"alignnone size-full wp-image-349 aligncenter\" src=\"https:\/\/www.feuerwehr-spelle.de\/cms\/wp-content\/uploads\/2019\/05\/1992-08.png\" alt=\"\" width=\"478\" height=\"247\" srcset=\"https:\/\/www.feuerwehr-spelle.de\/cms\/wp-content\/uploads\/2019\/05\/1992-08.png 478w, https:\/\/www.feuerwehr-spelle.de\/cms\/wp-content\/uploads\/2019\/05\/1992-08-300x155.png 300w\" sizes=\"auto, (max-width: 478px) 100vw, 478px\" \/><\/p>\n<p>Eine Autofahrerin \u00fcberquerte die Venhauser Stra\u00dfe, ohne auf einen von rechts kommenden Omnibus zu achten. Der nur mit dem Fahrer besetzte Bus erfasste den Pkw an der Fahrerseite, woraufhin das Auto durch die Wucht des Aufpralls in den Stra\u00dfengraben geschleudert wurde. Die Autofahrerin verstarb noch an der Unfallstelle und wurde von der Freiwilligen Feuerwehr Spelle geborgen.<\/p>\n<p>&nbsp;<\/p>\n<h4>1990<\/h4>\n<p><img loading=\"lazy\" decoding=\"async\" class=\"size-full wp-image-350 aligncenter\" src=\"https:\/\/www.feuerwehr-spelle.de\/cms\/wp-content\/uploads\/2019\/05\/1990.png\" alt=\"\" width=\"480\" height=\"315\" srcset=\"https:\/\/www.feuerwehr-spelle.de\/cms\/wp-content\/uploads\/2019\/05\/1990.png 480w, https:\/\/www.feuerwehr-spelle.de\/cms\/wp-content\/uploads\/2019\/05\/1990-300x197.png 300w\" sizes=\"auto, (max-width: 480px) 100vw, 480px\" \/><\/p>\n<p>Im Jahr 1990 wurde das 100-j\u00e4hrige Bestehen der Freiwilligen Feuerwehr Spelle gefeiert. Da im Jahr 1990 die Gemeinde Spelle auf ihr 1100-j\u00e4hriges Bestehen zur\u00fcckschauen konnte, entschloss man sich, die beiden Ereignisse zusammen in einem gro\u00dfen Festzelt zu feiern. Somit wurde das Jubil\u00e4um um ein Jahr vorverlegt. Im gleichen Jahr wurde der neue Florianpark an der Venhauser Stra\u00dfe eingeweiht.<\/p>\n<p>&nbsp;<\/p>\n<h4>1987<\/h4>\n<p>Im Rahmen des Neubaus des DRKHeimes, welches im Jahr 1987 fertiggestellt und eingeweiht wurde, erhielt die Feuerwehr eine zus\u00e4tzliche Fahrzeughalle. Diese Fahrzeughalle diente als Werkstatt und auch als Stellplatz f\u00fcr den zu dieser Zeit unbedingt erforderlichen R\u00fcstwagen.<\/p>\n<p>&nbsp;<\/p>\n<h4>1986<\/h4>\n<p>Im Jahre 1983 wurde der Entschluss gefasst, eine Fahne f\u00fcr die Feuerwehr Spelle anzuschaffen. Diese in Handarbeit hergestellte Fahne wurde im Jahre 1986 eingeweiht. Fast 250 Stunden lang wurde mit Nadel und Faden nach Augenma\u00df und Bildvorlagen an dieser Fahne gearbeitet.<\/p>\n<p><img loading=\"lazy\" decoding=\"async\" class=\"size-full wp-image-352 aligncenter\" src=\"https:\/\/www.feuerwehr-spelle.de\/cms\/wp-content\/uploads\/2019\/05\/Fahne.png\" alt=\"\" width=\"488\" height=\"229\" srcset=\"https:\/\/www.feuerwehr-spelle.de\/cms\/wp-content\/uploads\/2019\/05\/Fahne.png 488w, https:\/\/www.feuerwehr-spelle.de\/cms\/wp-content\/uploads\/2019\/05\/Fahne-300x141.png 300w\" sizes=\"auto, (max-width: 488px) 100vw, 488px\" \/><\/p>\n<p>Zu den Motiven: Die eine Seite der Fahne stellt die alte Kirche, die aus dem Jahr 1891 stammende Handdruckspritze und ein Bildnis von St. Florian, dem Schutzpatron der Feuerwehr, dar. Die zweite Seite ziert ein Feuerwehremblem mit der Jahreszahl der Fahnenweihe.<\/p>\n<p>&nbsp;<\/p>\n<h4>1981<\/h4>\n<p>Aufgrund der notwendigen und stetigen Erweiterung des Fuhrparks der Feuerwehr Spelle war ein Umzug in ein neues Feuerwehrhaus notwendig. Die Einweihung am W\u00f6hlehof fand im Jahre 1981 statt. Dieses bot gr\u00f6\u00dfere R\u00e4umlichkeiten als das bisherige Feuerwehrhaus am Rathaus.<\/p>\n<p>&nbsp;<\/p>\n<h4>1980<\/h4>\n<p><img loading=\"lazy\" decoding=\"async\" class=\"alignnone size-full wp-image-353 aligncenter\" src=\"https:\/\/www.feuerwehr-spelle.de\/cms\/wp-content\/uploads\/2019\/05\/1980.png\" alt=\"\" width=\"537\" height=\"276\" srcset=\"https:\/\/www.feuerwehr-spelle.de\/cms\/wp-content\/uploads\/2019\/05\/1980.png 537w, https:\/\/www.feuerwehr-spelle.de\/cms\/wp-content\/uploads\/2019\/05\/1980-300x154.png 300w\" sizes=\"auto, (max-width: 537px) 100vw, 537px\" \/><\/p>\n<p>Um den weiterhin ansteigenden Anforderungen gerecht zu werden, wurde im Jahre 1980 ein Einsatzleitwagen (ELW) angeschafft. Die Anschaffung erm\u00f6glichte es nun, F\u00fchrung und Koordination der taktischen Einheiten im Einsatzfall zu verbessern. Der sich nun zusammenstellende Fuhrpark der Feuerwehr Spelle ist im oberen Bild<br \/>\ndargestellt.<\/p>\n<p>&nbsp;<\/p>\n<h4>1979<\/h4>\n<p>Das mittlerweile 15 Jahre alte L\u00f6schgruppenfahrzeug LF8\/TS gen\u00fcgte den damaligen Anforderungen nicht mehr und wurde im Jahre 1979 durch ein neues L\u00f6schgruppenfahrzeug (LF8) ersetzt.<\/p>\n<p>&nbsp;<\/p>\n<h4>1971<\/h4>\n<p>Im Jahre 1971 wurden die Feuerwehren aus Varenrode und Spelle zusammengelegt.<\/p>\n<p>&nbsp;<\/p>\n<h4>1970<\/h4>\n<p>Die zunehmenden Anforderungen und Aufgaben der Freiwilligen Feuerwehr machten es unumg\u00e4nglich, ein zweites Fahrzeug anzuschaffen. So wurde im Jahre 1970 ein Tankl\u00f6schfahrzeug (TLF\/16) beschafft.<\/p>\n<p><img loading=\"lazy\" decoding=\"async\" class=\"alignnone size-full wp-image-354 aligncenter\" src=\"https:\/\/www.feuerwehr-spelle.de\/cms\/wp-content\/uploads\/2019\/05\/1970.png\" alt=\"\" width=\"320\" height=\"205\" srcset=\"https:\/\/www.feuerwehr-spelle.de\/cms\/wp-content\/uploads\/2019\/05\/1970.png 320w, https:\/\/www.feuerwehr-spelle.de\/cms\/wp-content\/uploads\/2019\/05\/1970-300x192.png 300w, https:\/\/www.feuerwehr-spelle.de\/cms\/wp-content\/uploads\/2019\/05\/1970-115x73.png 115w\" sizes=\"auto, (max-width: 320px) 100vw, 320px\" \/><\/p>\n<p>Dieses Fahrzeug machte esm\u00f6glich, einen sofortigen L\u00f6schangriff durchzuf\u00fchren, ohne vorher eine Wasserversorgung herstellen zu m\u00fcssen. Zu diesem Zeitpunkt und in dieser Zusammensetzung<br \/>\nder vorhandenen Fahrzeuge war die Speller Wehr nun zu einer, f\u00fcr damalige Zeiten modernen und schlagkr\u00e4ftigen Feuerwehr herangewachsen.<\/p>\n<p>&nbsp;<\/p>\n<h4>1968<\/h4>\n<p>Im Jahre 1968 bekam die Feuerwehr Spelle mehrere neue Sirenen f\u00fcr eine bessere Alarmierung, die in Spelle an markanten Punkten installiert wurden, z.B. an der alten Molkerei, bei der Gastst\u00e4tte Segers und am Rathaus.<\/p>\n<p>&nbsp;<\/p>\n<h4>1965<\/h4>\n<p>Mit dem Kauf des neuen L\u00f6schfahrzeuges wurde auch der Bau eines zeitgem\u00e4\u00dfen Feuerwehrhauses notwendig. Aus diesem Grund wurde dieses in das neue Rathaus integriert.<\/p>\n<p><img loading=\"lazy\" decoding=\"async\" class=\"size-full wp-image-355 aligncenter\" src=\"https:\/\/www.feuerwehr-spelle.de\/cms\/wp-content\/uploads\/2019\/05\/1965.png\" alt=\"\" width=\"478\" height=\"333\" srcset=\"https:\/\/www.feuerwehr-spelle.de\/cms\/wp-content\/uploads\/2019\/05\/1965.png 478w, https:\/\/www.feuerwehr-spelle.de\/cms\/wp-content\/uploads\/2019\/05\/1965-300x209.png 300w\" sizes=\"auto, (max-width: 478px) 100vw, 478px\" \/><\/p>\n<p>Das in die Jahre gekommene kleine Spritzenhaus an der Venhauser Stra\u00dfe, zu diesem Zeitpunkt \u00fcber 140 Jahre alt, hatte ausgedient und wurde abgerissen. Heute erinnert der Florianpark an den ehemaligen Standort des Spritzenhauses.<\/p>\n<p>&nbsp;<\/p>\n<h4>1964<\/h4>\n<p>Der Transport der im Jahre 1939 angeschafften TSA nahm bei jedem Einsatz wertvolle Zeit in Anspruch, da die Spritze mit Hilfe von Pferden oder langsam fahrenden Traktoren gezogen werden musste. Aus diesem Grund beschloss die Gemeinde Spelle im Jahre 1964, ein neues und modernes Feuerwehrfahrzeug zu beschaffen.<\/p>\n<p><img loading=\"lazy\" decoding=\"async\" class=\"alignnone size-full wp-image-356 aligncenter\" src=\"https:\/\/www.feuerwehr-spelle.de\/cms\/wp-content\/uploads\/2019\/05\/1964.png\" alt=\"\" width=\"322\" height=\"217\" srcset=\"https:\/\/www.feuerwehr-spelle.de\/cms\/wp-content\/uploads\/2019\/05\/1964.png 322w, https:\/\/www.feuerwehr-spelle.de\/cms\/wp-content\/uploads\/2019\/05\/1964-300x202.png 300w\" sizes=\"auto, (max-width: 322px) 100vw, 322px\" \/><\/p>\n<p>Die Wahl fiel auf das L\u00f6schgruppenfahrzeug mit Tragkraftspritze (LF8 TS). Der Preis f\u00fcr das neue Fahrzeug betrug seinerzeit 32.000 DM und wurde seitens der Gemeinde mit Unterst\u00fctzung von Kreis und Land finanziert.<\/p>\n<p>&nbsp;<\/p>\n<h4>1939<\/h4>\n<p>Die erste motorbetriebene Spritze der Feuerwehr wurde im Jahre 1939 von der Gemeinde Spelle beschafft. Es handelte sich um eine TSA (Tragkraftspritze mit Anh\u00e4nger).<\/p>\n<p><img loading=\"lazy\" decoding=\"async\" class=\"alignnone size-full wp-image-357 aligncenter\" src=\"https:\/\/www.feuerwehr-spelle.de\/cms\/wp-content\/uploads\/2019\/05\/1939.png\" alt=\"\" width=\"234\" height=\"237\" \/><\/p>\n<p>Diese nunmehr dritte Spritze wurde im kleinen Spritzenh\u00e4uschen an der Venhauser Stra\u00dfe untergestellt und musste von einem Pferdegespann, sp\u00e4ter von einem Traktor zum Brandort gezogen werden. Auch die TSA ist noch heute im Besitz der Freiwilligen Feuerwehr Spelle.<\/p>\n<p>&nbsp;<\/p>\n<h4>1898 \u2013 Gr\u00fcndung der Feuerwehrkapelle Spelle-Venhaus<\/h4>\n<p><img loading=\"lazy\" decoding=\"async\" class=\"alignnone size-full wp-image-358 aligncenter\" src=\"https:\/\/www.feuerwehr-spelle.de\/cms\/wp-content\/uploads\/2019\/05\/1898.png\" alt=\"\" width=\"539\" height=\"237\" srcset=\"https:\/\/www.feuerwehr-spelle.de\/cms\/wp-content\/uploads\/2019\/05\/1898.png 539w, https:\/\/www.feuerwehr-spelle.de\/cms\/wp-content\/uploads\/2019\/05\/1898-300x132.png 300w\" sizes=\"auto, (max-width: 539px) 100vw, 539px\" \/><\/p>\n<p>Der Musikzug der Freiwilligen Feuerwehr Spelle-Venhaus wurde im Jahre 1898 durch acht M\u00e4nner aus Spelle, Venhaus und Varenrode gegr\u00fcndet. Zu den Gr\u00fcndern geh\u00f6rten Gerhard B\u00fcltel, Bernhard Br\u00fcning, Heinrich Spieker, Gerd Veerkamp, Hermann B\u00fcltel, Gerhard Stappers, H. T\u00f6njes und Franz Teders. Ausgebildet wurden sie durch Bernhard Ruwe, einem Berufsmusiker aus Rheine. Dieser hatte bereits erfolgreich die KAB-Kapelle aus Rheine geschult.<\/p>\n<p>&nbsp;<\/p>\n<h4>1897<\/h4>\n<p>Im Jahre 1897 brannte der Glockenturm der St.-Servatius-Kirche in Beesten. Zur Unterst\u00fctzung r\u00fcckte auch die Speller Wehr mit ihrer Handdruckspritze aus. Dieser Anlass begr\u00fcndet eine enge Kameradschaft der beiden Wehren aus Beesten und Spelle, die auch heute noch durch das j\u00e4hrlich stattfindende Kameradschaftstreffen gepflegt wird.<\/p>\n<p>&nbsp;<\/p>\n<h4>1891 \u2013 Gr\u00fcndung der Feuerwehr Spelle<\/h4>\n<p>Vor 125 Jahren wurde die Feuerwehr Spelle gegr\u00fcndet, da die bis hierher unorganisierte Hilfe bei Br\u00e4nden durch das Wachstum des Dorfes nicht mehr gen\u00fcgte. Im gleichen Jahr wurde die neue und auch heute noch erhaltene Handdruckspritze angeschafft.<\/p>\n<p><img loading=\"lazy\" decoding=\"async\" class=\"size-full wp-image-359 aligncenter\" src=\"https:\/\/www.feuerwehr-spelle.de\/cms\/wp-content\/uploads\/2019\/05\/1891.png\" alt=\"\" width=\"234\" height=\"153\" \/><\/p>\n<p>Diese Spritze musste von acht Feuerwehrleuten, abwechselnd je zu viert, bedient werden. Des Weiteren wurde auf der Molkerei (heute: Handwerksbaum Fa. Krone) eine Sirene installiert.<\/p>\n<p>&nbsp;<\/p>\n<h4>1832<\/h4>\n<p>Im Jahr 1832 kaufte die Gemeinde Spelle die erste Brandspritze f\u00fcr den damaligen Preis von 157 Talern. Bei einem durchschnittlichen Wochenlohn von zwei Talern war dies ein stolzer Preis. Diese Spritze konnte allerdings nicht selbstst\u00e4ndig Wasser aufnehmen. Die Eimerkette war also nicht \u00fcberfl\u00fcssig geworden. Dennoch war die Brandspritze ein gro\u00dfer Fortschritt, konnte man doch mit einem starken Strahl an die h\u00f6heren und weiter entfernt liegenden Br\u00e4nde gelangen.<\/p>\n<p><img loading=\"lazy\" decoding=\"async\" class=\"size-full wp-image-360 aligncenter\" src=\"https:\/\/www.feuerwehr-spelle.de\/cms\/wp-content\/uploads\/2019\/05\/Spritzenhaus.png\" alt=\"\" width=\"408\" height=\"267\" srcset=\"https:\/\/www.feuerwehr-spelle.de\/cms\/wp-content\/uploads\/2019\/05\/Spritzenhaus.png 408w, https:\/\/www.feuerwehr-spelle.de\/cms\/wp-content\/uploads\/2019\/05\/Spritzenhaus-300x196.png 300w\" sizes=\"auto, (max-width: 408px) 100vw, 408px\" \/><\/p>\n<p>Im gleichen Jahr wurde auch das 15 Quadratmeter gro\u00dfe Spritzenhaus an der Venhauser Stra\u00dfe gebaut (heute: Florianpark). Der Standort war nicht zuf\u00e4llig gew\u00e4hlt, da auch die Venhauser das Spritzenhaus samt Brandspritze nutzten.<\/p>\n<p>&nbsp;<\/p>\n<h4>Bis 1832<\/h4>\n<p>Die Brandbek\u00e4mpfung \u00fcberstieg in vielen F\u00e4llen die Kr\u00e4fte des Einzelnen. So schlossen sich schon in fr\u00fchester Zeit die Bewohner des Dorfes bei der Abwehr derartiger Gefahren zur Nachbarschaftshilfe zusammen. Diese Hilfe beruhte lediglich auf Gegenseitigkeit, war nicht organisiert und kein Muss. Schl\u00e4uche und Spritzen gab es bis zu diesem Zeitpunkt in Spelle nicht. Sogenannte Eimerketten waren damals das bevorzugte Mittel zum Zweck.<\/p>\n<\/div><\/div>\n","protected":false},"excerpt":{"rendered":"","protected":false},"author":87,"featured_media":0,"parent":30,"menu_order":0,"comment_status":"closed","ping_status":"closed","template":"","meta":{"footnotes":""},"class_list":["post-172","page","type-page","status-publish","hentry"],"_links":{"self":[{"href":"https:\/\/www.feuerwehr-spelle.de\/cms\/wp-json\/wp\/v2\/pages\/172","targetHints":{"allow":["GET"]}}],"collection":[{"href":"https:\/\/www.feuerwehr-spelle.de\/cms\/wp-json\/wp\/v2\/pages"}],"about":[{"href":"https:\/\/www.feuerwehr-spelle.de\/cms\/wp-json\/wp\/v2\/types\/page"}],"author":[{"embeddable":true,"href":"https:\/\/www.feuerwehr-spelle.de\/cms\/wp-json\/wp\/v2\/users\/87"}],"replies":[{"embeddable":true,"href":"https:\/\/www.feuerwehr-spelle.de\/cms\/wp-json\/wp\/v2\/comments?post=172"}],"version-history":[{"count":26,"href":"https:\/\/www.feuerwehr-spelle.de\/cms\/wp-json\/wp\/v2\/pages\/172\/revisions"}],"predecessor-version":[{"id":697,"href":"https:\/\/www.feuerwehr-spelle.de\/cms\/wp-json\/wp\/v2\/pages\/172\/revisions\/697"}],"up":[{"embeddable":true,"href":"https:\/\/www.feuerwehr-spelle.de\/cms\/wp-json\/wp\/v2\/pages\/30"}],"wp:attachment":[{"href":"https:\/\/www.feuerwehr-spelle.de\/cms\/wp-json\/wp\/v2\/media?parent=172"}],"curies":[{"name":"wp","href":"https:\/\/api.w.org\/{rel}","templated":true}]}}